{"id":139,"date":"2021-11-10T19:01:21","date_gmt":"2021-11-10T18:01:21","guid":{"rendered":"https:\/\/projectone.fr?page_id=139"},"modified":"2023-03-29T12:03:18","modified_gmt":"2023-03-29T10:03:18","slug":"accueil","status":"publish","type":"page","link":"https:\/\/projectone.fr\/sv\/","title":{"rendered":"Startsida"},"content":{"rendered":"<p>[et_pb_section fb_built=&#8221;1&#8243; next_background_color=&#8221;#FDC915&#8243; _builder_version=&#8221;4.17.4&#8243; _module_preset=&#8221;default&#8221; background_image=&#8221;https:\/\/projectone.fr\/wp-content\/uploads\/2022\/06\/sara-bystrom-2.jpg&#8221; height=&#8221;100vh&#8221; height_tablet=&#8221;auto&#8221; height_phone=&#8221;auto&#8221; height_last_edited=&#8221;on|phone&#8221; custom_padding=&#8221;32px|||||&#8221; bottom_divider_style=&#8221;triangle&#8221; bottom_divider_height=&#8221;42px&#8221; bottom_divider_flip=&#8221;vertical&#8221; background_last_edited=&#8221;on|phone&#8221; background_enable_image_tablet=&#8221;off&#8221; global_colors_info=&#8221;{}&#8221;][et_pb_row column_structure=&#8221;1_2,1_2&#8243; use_custom_gutter=&#8221;on&#8221; gutter_width=&#8221;1&#8243; _builder_version=&#8221;4.17.0&#8243; _module_preset=&#8221;default&#8221; global_colors_info=&#8221;{}&#8221;][et_pb_column type=&#8221;1_2&#8243; _builder_version=&#8221;4.16.1&#8243; _module_preset=&#8221;default&#8221; global_colors_info=&#8221;{}&#8221;][et_pb_image src=&#8221;https:\/\/projectone.fr\/wp-content\/uploads\/2021\/11\/bystrom-couleur-290.png&#8221; title_text=&#8221;bystrom-couleur-290&#8243; _builder_version=&#8221;4.17.0&#8243; _module_preset=&#8221;default&#8221; width=&#8221;33%&#8221; global_colors_info=&#8221;{}&#8221;][\/et_pb_image][\/et_pb_column][et_pb_column type=&#8221;1_2&#8243; _builder_version=&#8221;4.16.1&#8243; _module_preset=&#8221;default&#8221; global_colors_info=&#8221;{}&#8221;][et_pb_text _builder_version=&#8221;4.19.0&#8243; _module_preset=&#8221;default&#8221; custom_padding=&#8221;||6px|||&#8221; global_colors_info=&#8221;{}&#8221;]<a href=\"https:\/\/projectone.fr\/sv\"><img loading=\"lazy\" decoding=\"async\" src=\"https:\/\/projectone.fr\/wp-content\/uploads\/2022\/04\/suede-30.jpg\" width=\"30\" height=\"18\" alt=\"\" class=\"wp-image-1182 alignnone size-full\" \/><\/a> <a href=\"https:\/\/projectone.fr\/en\"><img loading=\"lazy\" decoding=\"async\" src=\"https:\/\/projectone.fr\/wp-content\/uploads\/2022\/04\/Etats-unis-30.jpg\" width=\"30\" height=\"18\" alt=\"\" class=\"wp-image-1176 alignnone size-full\" \/> <\/a> <a href=\"https:\/\/projectone.fr\/sv\/\"><img loading=\"lazy\" decoding=\"async\" src=\"https:\/\/projectone.fr\/wp-content\/uploads\/2022\/04\/france-30.jpg\" width=\"30\" height=\"18\" alt=\"\" class=\"wp-image-1179 alignnone size-medium\" \/><\/a>[\/et_pb_text][et_pb_text _builder_version=&#8221;4.17.4&#8243; _module_preset=&#8221;default&#8221; header_font=&#8221;||||||||&#8221; header_font_size=&#8221;28px&#8221; custom_margin=&#8221;||13px|||&#8221; global_colors_info=&#8221;{}&#8221;]<\/p>\n<h1><em>Sara Bystr\u00f6m<\/em>, din h\u00f6gra hand som sk\u00f6ter om dina intressen i Frankrike.<\/h1>\n<p>[\/et_pb_text][et_pb_text _builder_version=&#8221;4.17.4&#8243; _module_preset=&#8221;default&#8221; custom_margin=&#8221;4px|||||&#8221; global_colors_info=&#8221;{}&#8221;]<\/p>\n<p>Som fransk advokat fr\u00e5n Sverige f\u00f6retr\u00e4der jag svenskar, amerikaner och andra v\u00e4rldsmedborgares intressen i Moli\u00e8res land.<\/p>\n<p>[\/et_pb_text][\/et_pb_column][\/et_pb_row][et_pb_row column_structure=&#8221;3_5,2_5&#8243; _builder_version=&#8221;4.17.0&#8243; _module_preset=&#8221;default&#8221; global_colors_info=&#8221;{}&#8221;][et_pb_column type=&#8221;3_5&#8243; _builder_version=&#8221;4.16.1&#8243; _module_preset=&#8221;default&#8221; global_colors_info=&#8221;{}&#8221;][\/et_pb_column][et_pb_column type=&#8221;2_5&#8243; _builder_version=&#8221;4.16.1&#8243; _module_preset=&#8221;default&#8221; global_colors_info=&#8221;{}&#8221;][et_pb_text _builder_version=&#8221;4.17.4&#8243; _dynamic_attributes=&#8221;link_option_url&#8221; _module_preset=&#8221;default&#8221; text_font=&#8221;Montserrat||||||||&#8221; text_text_color=&#8221;#000000&#8243; text_font_size=&#8221;21px&#8221; background_color=&#8221;#FDC915&#8243; custom_margin=&#8221;||16px|||&#8221; custom_padding=&#8221;15px||15px||true|false&#8221; link_option_url=&#8221;@ET-DC@eyJkeW5hbWljIjp0cnVlLCJjb250ZW50IjoicG9zdF9saW5rX3VybF9wYWdlIiwic2V0dGluZ3MiOnsicG9zdF9pZCI6IjY5MzcifX0=@&#8221; box_shadow_style=&#8221;preset3&#8243; box_shadow_vertical=&#8221;10px&#8221; box_shadow_blur=&#8221;10px&#8221; global_colors_info=&#8221;{}&#8221; transform_styles__hover_enabled=&#8221;on|hover&#8221; transform_scale__hover_enabled=&#8221;on|hover&#8221; transform_translate__hover_enabled=&#8221;on|desktop&#8221; transform_rotate__hover_enabled=&#8221;on|desktop&#8221; transform_skew__hover_enabled=&#8221;on|desktop&#8221; transform_origin__hover_enabled=&#8221;on|desktop&#8221; transform_scale__hover=&#8221;107%|107%&#8221;]<\/p>\n<p style=\"text-align: center;\">Svenska f\u00f6retag<\/p>\n<p>[\/et_pb_text][et_pb_text _builder_version=&#8221;4.17.4&#8243; _dynamic_attributes=&#8221;link_option_url&#8221; _module_preset=&#8221;default&#8221; text_font=&#8221;Montserrat||||||||&#8221; text_text_color=&#8221;#000000&#8243; text_font_size=&#8221;21px&#8221; background_color=&#8221;#FDC915&#8243; custom_margin=&#8221;||16px|||&#8221; custom_padding=&#8221;15px||15px||true|false&#8221; link_option_url=&#8221;@ET-DC@eyJkeW5hbWljIjp0cnVlLCJjb250ZW50IjoicG9zdF9saW5rX3VybF9wYWdlIiwic2V0dGluZ3MiOnsicG9zdF9pZCI6IjY5NDIifX0=@&#8221; box_shadow_style=&#8221;preset3&#8243; box_shadow_vertical=&#8221;10px&#8221; box_shadow_blur=&#8221;10px&#8221; global_colors_info=&#8221;{}&#8221; transform_styles__hover_enabled=&#8221;on|hover&#8221; transform_scale__hover_enabled=&#8221;on|hover&#8221; transform_translate__hover_enabled=&#8221;on|desktop&#8221; transform_rotate__hover_enabled=&#8221;on|desktop&#8221; transform_skew__hover_enabled=&#8221;on|desktop&#8221; transform_origin__hover_enabled=&#8221;on|desktop&#8221; transform_scale__hover=&#8221;107%|107%&#8221;]<\/p>\n<p style=\"text-align: center;\">Svenska privatpersoner<\/p>\n<p>[\/et_pb_text][\/et_pb_column][\/et_pb_row][et_pb_row column_structure=&#8221;3_5,2_5&#8243; _builder_version=&#8221;4.17.0&#8243; _module_preset=&#8221;default&#8221; custom_padding=&#8221;5px||6px|||&#8221; global_colors_info=&#8221;{}&#8221;][et_pb_column type=&#8221;3_5&#8243; _builder_version=&#8221;4.16.1&#8243; _module_preset=&#8221;default&#8221; global_colors_info=&#8221;{}&#8221;][\/et_pb_column][et_pb_column type=&#8221;2_5&#8243; _builder_version=&#8221;4.16.1&#8243; _module_preset=&#8221;default&#8221; global_colors_info=&#8221;{}&#8221;][et_pb_text _builder_version=&#8221;4.20.2&#8243; _module_preset=&#8221;default&#8221; hover_enabled=&#8221;0&#8243; global_colors_info=&#8221;{}&#8221; sticky_enabled=&#8221;0&#8243;]<\/p>\n<p>Titta p\u00e5 v\u00e5r presentationsvideo ! Aktivera svensk text nere till h\u00f6ger i videon.<\/p>\n<p>[\/et_pb_text][\/et_pb_column][\/et_pb_row][et_pb_row column_structure=&#8221;3_5,2_5&#8243; _builder_version=&#8221;4.17.0&#8243; _module_preset=&#8221;default&#8221; min_height=&#8221;273.1px&#8221; custom_margin=&#8221;-1px|auto||auto||&#8221; custom_padding=&#8221;15px||10px|||&#8221; global_colors_info=&#8221;{}&#8221;][et_pb_column type=&#8221;3_5&#8243; _builder_version=&#8221;4.16.1&#8243; _module_preset=&#8221;default&#8221; global_colors_info=&#8221;{}&#8221;][\/et_pb_column][et_pb_column type=&#8221;2_5&#8243; _builder_version=&#8221;4.16.1&#8243; _module_preset=&#8221;default&#8221; global_colors_info=&#8221;{}&#8221;][et_pb_video src=&#8221;https:\/\/www.youtube.com\/watch?v=KalICzPUnZ0&#8243; _builder_version=&#8221;4.20.2&#8243; _module_preset=&#8221;default&#8221; global_colors_info=&#8221;{}&#8221;][\/et_pb_video][\/et_pb_column][\/et_pb_row][\/et_pb_section][et_pb_section fb_built=&#8221;1&#8243; next_background_color=&#8221;#ffffff&#8221; _builder_version=&#8221;4.17.0&#8243; _module_preset=&#8221;default&#8221; background_color=&#8221;#FDC915&#8243; custom_padding=&#8221;72px||72px|||&#8221; bottom_divider_style=&#8221;triangle&#8221; bottom_divider_height=&#8221;42px&#8221; bottom_divider_flip=&#8221;vertical&#8221; global_colors_info=&#8221;{}&#8221;][et_pb_row column_structure=&#8221;1_3,1_3,1_3&#8243; use_custom_gutter=&#8221;on&#8221; gutter_width=&#8221;1&#8243; make_equal=&#8221;on&#8221; _builder_version=&#8221;4.17.4&#8243; _module_preset=&#8221;default&#8221; global_colors_info=&#8221;{}&#8221;][et_pb_column type=&#8221;1_3&#8243; _builder_version=&#8221;4.17.4&#8243; _module_preset=&#8221;default&#8221; custom_padding=&#8221;|30px||30px|false|true&#8221; border_width_right=&#8221;1px&#8221; border_color_right=&#8221;#FFFFFF&#8221; border_width_right_tablet=&#8221;0px&#8221; border_width_right_phone=&#8221;0px&#8221; border_width_right_last_edited=&#8221;on|phone&#8221; global_colors_info=&#8221;{}&#8221;][et_pb_text _builder_version=&#8221;4.17.4&#8243; _module_preset=&#8221;default&#8221; header_font=&#8221;||||||||&#8221; header_font_size=&#8221;33px&#8221; header_3_font_size=&#8221;30px&#8221; header_3_line_height=&#8221;1.7em&#8221; global_colors_info=&#8221;{}&#8221;]<\/p>\n<h3 style=\"text-align: center;\">Tillf\u00f6rlitlig<\/h3>\n<p>N\u00e4r vi tar hand om din fr\u00e5ga eller ditt problem med franska aspekter \u00e4r du inte ett \u00e4rende eller nummer utan v\u00e5r partner f\u00f6r n\u00e4ra samarbeta i f\u00f6rtroende, p\u00e5 svenskt vis !<\/p>\n<p>[\/et_pb_text][\/et_pb_column][et_pb_column type=&#8221;1_3&#8243; _builder_version=&#8221;4.17.4&#8243; _module_preset=&#8221;default&#8221; custom_padding=&#8221;|30px||30px|false|true&#8221; border_width_right=&#8221;1px&#8221; border_color_right=&#8221;#FFFFFF&#8221; border_width_right_tablet=&#8221;0px&#8221; border_width_right_phone=&#8221;0px&#8221; border_width_right_last_edited=&#8221;on|phone&#8221; global_colors_info=&#8221;{}&#8221;][et_pb_text _builder_version=&#8221;4.17.4&#8243; _module_preset=&#8221;default&#8221; header_font=&#8221;||||||||&#8221; header_font_size=&#8221;33px&#8221; header_3_font_size=&#8221;30px&#8221; header_3_line_height=&#8221;1.7em&#8221; border_color_right=&#8221;#FFFFFF&#8221; global_colors_info=&#8221;{}&#8221;]<\/p>\n<h3 style=\"text-align: center;\">Unik<\/h3>\n<p>Vilket ditt problem \u00e4n \u00e4r, vilken din fr\u00e5ga g\u00e4llande Frankrike \u00e4n \u00e4r, finns det alltid en l\u00f6sning och det \u00e4r v\u00e5rt jobb att ta fram den till dig oavsett hur viktig, stor eller liten den \u00e4r och oavsett omr\u00e5de.<\/p>\n<p>[\/et_pb_text][\/et_pb_column][et_pb_column type=&#8221;1_3&#8243; _builder_version=&#8221;4.17.0&#8243; _module_preset=&#8221;default&#8221; custom_padding=&#8221;|30px||30px|false|true&#8221; border_color_right=&#8221;#FFFFFF&#8221; global_colors_info=&#8221;{}&#8221;][et_pb_text _builder_version=&#8221;4.17.4&#8243; _module_preset=&#8221;default&#8221; header_font=&#8221;||||||||&#8221; header_font_size=&#8221;33px&#8221; header_3_font_size=&#8221;30px&#8221; header_3_line_height=&#8221;1.7em&#8221; global_colors_info=&#8221;{}&#8221;]<\/p>\n<h3 style=\"text-align: center;\">Pedagog<\/h3>\n<p>Det \u00e4r inte f\u00f6r att du inte k\u00e4nner till franska regler, praxis eller hur man optimerar en situation som du beh\u00f6ver f\u00f6rbli i ovisshet. Jag g\u00f6r det jag s\u00e4ger att jag ska g\u00f6ra och f\u00f6rklarar varf\u00f6r jag g\u00f6r det.<\/p>\n<p>[\/et_pb_text][\/et_pb_column][\/et_pb_row][et_pb_row column_structure=&#8221;1_3,1_3,1_3&#8243; disabled_on=&#8221;on|on|on&#8221; _builder_version=&#8221;4.17.4&#8243; _module_preset=&#8221;default&#8221; disabled=&#8221;on&#8221; global_colors_info=&#8221;{}&#8221;][et_pb_column type=&#8221;1_3&#8243; _builder_version=&#8221;4.16.1&#8243; _module_preset=&#8221;default&#8221; global_colors_info=&#8221;{}&#8221;][\/et_pb_column][et_pb_column type=&#8221;1_3&#8243; _builder_version=&#8221;4.16.1&#8243; _module_preset=&#8221;default&#8221; global_colors_info=&#8221;{}&#8221;][et_pb_text _builder_version=&#8221;4.17.4&#8243; _module_preset=&#8221;default&#8221; text_text_color=&#8221;#000000&#8243; text_font_size=&#8221;21px&#8221; background_color=&#8221;#FFFFFF&#8221; custom_margin=&#8221;||16px|||&#8221; custom_padding=&#8221;15px||15px||true|false&#8221; border_radii=&#8221;on|50px|50px|50px|50px&#8221; border_width_all=&#8221;4px&#8221; border_color_all=&#8221;#FDC915&#8243; box_shadow_style=&#8221;preset3&#8243; box_shadow_vertical=&#8221;10px&#8221; box_shadow_blur=&#8221;10px&#8221; global_colors_info=&#8221;{}&#8221; transform_styles__hover_enabled=&#8221;on|hover&#8221; transform_scale__hover_enabled=&#8221;on|hover&#8221; transform_translate__hover_enabled=&#8221;on|desktop&#8221; transform_rotate__hover_enabled=&#8221;on|desktop&#8221; transform_skew__hover_enabled=&#8221;on|desktop&#8221; transform_origin__hover_enabled=&#8221;on|desktop&#8221; transform_scale__hover=&#8221;107%|107%&#8221;]<\/p>\n<p style=\"text-align: center;\">Mer info<\/p>\n<p>[\/et_pb_text][\/et_pb_column][et_pb_column type=&#8221;1_3&#8243; _builder_version=&#8221;4.16.1&#8243; _module_preset=&#8221;default&#8221; global_colors_info=&#8221;{}&#8221;][\/et_pb_column][\/et_pb_row][\/et_pb_section][et_pb_section fb_built=&#8221;1&#8243; _builder_version=&#8221;4.17.0&#8243; _module_preset=&#8221;default&#8221; custom_padding=&#8221;74px||74px|||&#8221; global_colors_info=&#8221;{}&#8221;][et_pb_row column_structure=&#8221;1_2,1_2&#8243; use_custom_gutter=&#8221;on&#8221; gutter_width=&#8221;4&#8243; _builder_version=&#8221;4.17.0&#8243; _module_preset=&#8221;default&#8221; global_colors_info=&#8221;{}&#8221;][et_pb_column type=&#8221;1_2&#8243; _builder_version=&#8221;4.17.0&#8243; _module_preset=&#8221;default&#8221; custom_padding=&#8221;|3vh||3vh|false|true&#8221; border_color_right=&#8221;#FDC915&#8243; global_colors_info=&#8221;{}&#8221;][et_pb_text _builder_version=&#8221;4.17.4&#8243; _module_preset=&#8221;default&#8221; header_text_color=&#8221;#FDC915&#8243; header_2_font=&#8221;||||||||&#8221; header_2_text_color=&#8221;#000000&#8243; background_color=&#8221;#FDC915&#8243; custom_padding=&#8221;10px|10px|3px|10px|false|true&#8221; global_colors_info=&#8221;{}&#8221;]<\/p>\n<h2 style=\"text-align: center;\">Svenska f\u00f6retag<\/h2>\n<p>[\/et_pb_text][et_pb_text _builder_version=&#8221;4.17.4&#8243; _module_preset=&#8221;default&#8221; global_colors_info=&#8221;{}&#8221;]<\/p>\n<h3>Svenska, skandinaviska, amerikanska f\u00f6retag<\/h3>\n<p>En p\u00e5litlig kontakt f\u00f6r att skydda och garantera ditt f\u00f6retags intressen, dina partnerskap och verksamheter i Frankrike! Vi tar hand om val och uppr\u00e4ttande av dotterbolag, verksamhetens franska vardag ur juridisk, administrativ och finansiell synpunkt, utvecklingsstrategier baserade p\u00e5 franska realiteter, uppr\u00e4ttande av kundvillkor och kontrakt samt andra stora eller sm\u00e5 behov, vilket kommer att optimera f\u00f6retagets n\u00e4rvaro och framg\u00e5ng i Frankrike.<\/p>\n<p>[\/et_pb_text][et_pb_text disabled_on=&#8221;on|on|on&#8221; _builder_version=&#8221;4.17.4&#8243; _module_preset=&#8221;default&#8221; text_text_color=&#8221;#000000&#8243; text_font_size=&#8221;21px&#8221; background_color=&#8221;#FFFFFF&#8221; custom_margin=&#8221;||16px|||&#8221; custom_padding=&#8221;15px||15px||true|false&#8221; border_radii=&#8221;on|50px|50px|50px|50px&#8221; border_width_all=&#8221;4px&#8221; border_color_all=&#8221;#FDC915&#8243; box_shadow_style=&#8221;preset3&#8243; box_shadow_vertical=&#8221;10px&#8221; box_shadow_blur=&#8221;10px&#8221; disabled=&#8221;on&#8221; global_colors_info=&#8221;{}&#8221; transform_styles__hover_enabled=&#8221;on|hover&#8221; transform_scale__hover=&#8221;107%|107%&#8221; transform_scale__hover_enabled=&#8221;on|hover&#8221; transform_translate__hover_enabled=&#8221;on|desktop&#8221; transform_rotate__hover_enabled=&#8221;on|desktop&#8221; transform_skew__hover_enabled=&#8221;on|desktop&#8221; transform_origin__hover_enabled=&#8221;on|desktop&#8221;]<\/p>\n<p style=\"text-align: center;\">Mer info<\/p>\n<p>[\/et_pb_text][\/et_pb_column][et_pb_column type=&#8221;1_2&#8243; _builder_version=&#8221;4.17.0&#8243; _module_preset=&#8221;default&#8221; custom_padding=&#8221;|3vh||3vh|false|true&#8221; global_colors_info=&#8221;{}&#8221;][et_pb_text _builder_version=&#8221;4.17.4&#8243; _module_preset=&#8221;default&#8221; header_text_color=&#8221;#FDC915&#8243; header_2_font=&#8221;||||||||&#8221; header_2_text_color=&#8221;#000000&#8243; background_color=&#8221;#FDC915&#8243; custom_padding=&#8221;10px|10px|3px|10px|false|true&#8221; global_colors_info=&#8221;{}&#8221;]<\/p>\n<h2 style=\"text-align: center;\">Svenska privatpersoner<\/h2>\n<p>[\/et_pb_text][et_pb_text _builder_version=&#8221;4.17.4&#8243; _module_preset=&#8221;default&#8221; global_colors_info=&#8221;{}&#8221;]<\/p>\n<h3>Svenskar, skandinaver och amerikaner<\/h3>\n<p>Sov gott i Sverige, Skandinavien, USA eller n\u00e5gon annanstans, Sara Bystr\u00f6m tar hand om dig och dina intressen i Frankrike! Ett arv, hus som ska k\u00f6pas eller en l\u00e4genhet som ska s\u00e4ljas, franskt kontrakt med skyldigheter att fullt f\u00f6rst\u00e5, anst\u00e4llningssavtal att signera, projekt att etablera sig i Frankrike, problem med bank eller administration, en \u00f6nskan att f\u00f6rst\u00e5 det franska skattesystemet och m\u00e5nga andra sm\u00e5 och stora fr\u00e5gor hanteras av oss s\u00e5 du kan beh\u00e5lla din trygghet och segla lugnt.<\/p>\n<p>[\/et_pb_text][et_pb_text disabled_on=&#8221;on|on|on&#8221; _builder_version=&#8221;4.17.4&#8243; _module_preset=&#8221;default&#8221; text_text_color=&#8221;#000000&#8243; text_font_size=&#8221;21px&#8221; background_color=&#8221;#FFFFFF&#8221; custom_margin=&#8221;||16px|||&#8221; custom_padding=&#8221;15px||15px||true|false&#8221; border_radii=&#8221;on|50px|50px|50px|50px&#8221; border_width_all=&#8221;4px&#8221; border_color_all=&#8221;#FDC915&#8243; box_shadow_style=&#8221;preset3&#8243; box_shadow_vertical=&#8221;10px&#8221; box_shadow_blur=&#8221;10px&#8221; disabled=&#8221;on&#8221; global_colors_info=&#8221;{}&#8221; transform_styles__hover_enabled=&#8221;on|hover&#8221; transform_scale__hover=&#8221;107%|107%&#8221; transform_scale__hover_enabled=&#8221;on|hover&#8221; transform_translate__hover_enabled=&#8221;on|desktop&#8221; transform_rotate__hover_enabled=&#8221;on|desktop&#8221; transform_skew__hover_enabled=&#8221;on|desktop&#8221; transform_origin__hover_enabled=&#8221;on|desktop&#8221;]<\/p>\n<p style=\"text-align: center;\">Mer info<\/p>\n<p>[\/et_pb_text][\/et_pb_column][\/et_pb_row][\/et_pb_section][et_pb_section fb_built=&#8221;1&#8243; _builder_version=&#8221;4.17.1&#8243; _module_preset=&#8221;default&#8221; background_color=&#8221;#e7e6e6&#8243; global_colors_info=&#8221;{}&#8221;][et_pb_row column_structure=&#8221;1_2,1_2&#8243; make_equal=&#8221;on&#8221; custom_padding_last_edited=&#8221;on|phone&#8221; _builder_version=&#8221;4.17.4&#8243; _module_preset=&#8221;default&#8221; background_color=&#8221;#FDC915&#8243; width_tablet=&#8221;&#8221; width_phone=&#8221;100%&#8221; width_last_edited=&#8221;on|phone&#8221; custom_margin=&#8221;|auto|-20px|auto||&#8221; custom_padding=&#8221;20px|40px|20px|40px|true|true&#8221; custom_padding_tablet=&#8221;20px|40px|20px|40px|true|true&#8221; custom_padding_phone=&#8221;|10px||10px|true|true&#8221; border_radii=&#8221;on|50px|50px|50px|50px&#8221; border_color_all=&#8221;#FDC915&#8243; locked=&#8221;off&#8221; global_colors_info=&#8221;{}&#8221;][et_pb_column type=&#8221;1_2&#8243; module_class=&#8221;centrer-verticalement&#8221; _builder_version=&#8221;4.17.4&#8243; _module_preset=&#8221;default&#8221; global_colors_info=&#8221;{}&#8221;][et_pb_text _builder_version=&#8221;4.17.4&#8243; _module_preset=&#8221;default&#8221; header_2_font_size=&#8221;27px&#8221; header_2_line_height=&#8221;1.3em&#8221; min_height=&#8221;63.3px&#8221; custom_margin=&#8221;-13px||2px|||&#8221; custom_padding=&#8221;0px|||||&#8221; global_colors_info=&#8221;{}&#8221;]<\/p>\n<h2 style=\"text-align: center;\">Kontakta oss<\/h2>\n<p>[\/et_pb_text][et_pb_text _builder_version=&#8221;4.17.4&#8243; _module_preset=&#8221;default&#8221; header_2_font_size=&#8221;27px&#8221; min_height=&#8221;89px&#8221; custom_padding=&#8221;0px|||||&#8221; global_colors_info=&#8221;{}&#8221;]<\/p>\n<p style=\"text-align: center;\">Om vi arbetar tillsammans med din fr\u00e5ga eller ditt behov g\u00e4llande Frankrike kommer du inte att vara ett \u00e4rende och ett nummer utan en n\u00e4rst\u00e5ende person, f\u00f6r samarbete p\u00e5 svenskt vis.<\/p>\n<p>[\/et_pb_text][et_pb_contact_form use_spam_service=&#8221;on&#8221; recaptcha_list=&#8221;none&#8221; email=&#8221;sara.bystrom@projectone.fr&#8221; custom_message=&#8221;FORMULAIRE DE CONTACT (depuis la page d&#8217;accueil en SUEDOIS):||et_pb_line_break_holder||||et_pb_line_break_holder||Namn : %%Name%%||et_pb_line_break_holder||||et_pb_line_break_holder||E-postadress : %%Email%%||et_pb_line_break_holder||||et_pb_line_break_holder||Meddelande : %%Message%%||et_pb_line_break_holder||||et_pb_line_break_holder||\u00c4rende : %%Field_5%%&#8221; _builder_version=&#8221;4.17.4&#8243; _module_preset=&#8221;default&#8221; _unique_id=&#8221;2132f3fa-cd88-44fa-90ad-8080d1c569a2&#8243; form_field_background_color=&#8221;#FFFFFF&#8221; form_field_text_color=&#8221;#000000&#8243; custom_button=&#8221;on&#8221; button_text_size=&#8221;18px&#8221; button_text_color=&#8221;#5965AD&#8221; button_border_width=&#8221;3px&#8221; button_border_color=&#8221;#5965AD&#8221; button_border_radius=&#8221;24px&#8221; button_use_icon=&#8221;off&#8221; custom_margin=&#8221;||3px|||&#8221; locked=&#8221;off&#8221; global_colors_info=&#8221;{}&#8221;][et_pb_contact_field field_id=&#8221;Name&#8221; field_title=&#8221;Namn*&#8221; fullwidth_field=&#8221;on&#8221; _builder_version=&#8221;4.17.4&#8243; global_colors_info=&#8221;{}&#8221; button_text_size__hover_enabled=&#8221;off&#8221; button_one_text_size__hover_enabled=&#8221;off&#8221; button_two_text_size__hover_enabled=&#8221;off&#8221; button_text_color__hover_enabled=&#8221;off&#8221; button_one_text_color__hover_enabled=&#8221;off&#8221; button_two_text_color__hover_enabled=&#8221;off&#8221; button_border_width__hover_enabled=&#8221;off&#8221; button_one_border_width__hover_enabled=&#8221;off&#8221; button_two_border_width__hover_enabled=&#8221;off&#8221; button_border_color__hover_enabled=&#8221;off&#8221; button_one_border_color__hover_enabled=&#8221;off&#8221; button_two_border_color__hover_enabled=&#8221;off&#8221; button_border_radius__hover_enabled=&#8221;off&#8221; button_one_border_radius__hover_enabled=&#8221;off&#8221; button_two_border_radius__hover_enabled=&#8221;off&#8221; button_letter_spacing__hover_enabled=&#8221;off&#8221; button_one_letter_spacing__hover_enabled=&#8221;off&#8221; button_two_letter_spacing__hover_enabled=&#8221;off&#8221; button_bg_color__hover_enabled=&#8221;off&#8221; button_one_bg_color__hover_enabled=&#8221;off&#8221; button_two_bg_color__hover_enabled=&#8221;off&#8221;][\/et_pb_contact_field][et_pb_contact_field field_id=&#8221;Email&#8221; field_title=&#8221;E-postadress*&#8221; field_type=&#8221;email&#8221; fullwidth_field=&#8221;on&#8221; _builder_version=&#8221;4.17.4&#8243; global_colors_info=&#8221;{}&#8221; button_text_size__hover_enabled=&#8221;off&#8221; button_one_text_size__hover_enabled=&#8221;off&#8221; button_two_text_size__hover_enabled=&#8221;off&#8221; button_text_color__hover_enabled=&#8221;off&#8221; button_one_text_color__hover_enabled=&#8221;off&#8221; button_two_text_color__hover_enabled=&#8221;off&#8221; button_border_width__hover_enabled=&#8221;off&#8221; button_one_border_width__hover_enabled=&#8221;off&#8221; button_two_border_width__hover_enabled=&#8221;off&#8221; button_border_color__hover_enabled=&#8221;off&#8221; button_one_border_color__hover_enabled=&#8221;off&#8221; button_two_border_color__hover_enabled=&#8221;off&#8221; button_border_radius__hover_enabled=&#8221;off&#8221; button_one_border_radius__hover_enabled=&#8221;off&#8221; button_two_border_radius__hover_enabled=&#8221;off&#8221; button_letter_spacing__hover_enabled=&#8221;off&#8221; button_one_letter_spacing__hover_enabled=&#8221;off&#8221; button_two_letter_spacing__hover_enabled=&#8221;off&#8221; button_bg_color__hover_enabled=&#8221;off&#8221; button_one_bg_color__hover_enabled=&#8221;off&#8221; button_two_bg_color__hover_enabled=&#8221;off&#8221;][\/et_pb_contact_field][et_pb_contact_field field_id=&#8221;Field_5&#8243; field_title=&#8221;\u00c4rende* :&#8221; field_type=&#8221;select&#8221; select_options=&#8221;%91{%22value%22:%22Foreign companies%22,%22checked%22:0,%22dragID%22:-1},{%22value%22:%22Foreign individuals%22,%22checked%22:0,%22dragID%22:0},{%22value%22:%22Culture and media professionals%22,%22checked%22:0,%22dragID%22:1},{%22value%22:%22Photography professionals%22,%22checked%22:0,%22dragID%22:2}%93&#8243; fullwidth_field=&#8221;on&#8221; _builder_version=&#8221;4.17.4&#8243; _module_preset=&#8221;default&#8221; global_colors_info=&#8221;{}&#8221;][\/et_pb_contact_field][et_pb_contact_field field_id=&#8221;Message&#8221; field_title=&#8221;Meddelande*&#8221; field_type=&#8221;text&#8221; fullwidth_field=&#8221;on&#8221; _builder_version=&#8221;4.17.4&#8243; global_colors_info=&#8221;{}&#8221; button_text_size__hover_enabled=&#8221;off&#8221; button_one_text_size__hover_enabled=&#8221;off&#8221; button_two_text_size__hover_enabled=&#8221;off&#8221; button_text_color__hover_enabled=&#8221;off&#8221; button_one_text_color__hover_enabled=&#8221;off&#8221; button_two_text_color__hover_enabled=&#8221;off&#8221; button_border_width__hover_enabled=&#8221;off&#8221; button_one_border_width__hover_enabled=&#8221;off&#8221; button_two_border_width__hover_enabled=&#8221;off&#8221; button_border_color__hover_enabled=&#8221;off&#8221; button_one_border_color__hover_enabled=&#8221;off&#8221; button_two_border_color__hover_enabled=&#8221;off&#8221; button_border_radius__hover_enabled=&#8221;off&#8221; button_one_border_radius__hover_enabled=&#8221;off&#8221; button_two_border_radius__hover_enabled=&#8221;off&#8221; button_letter_spacing__hover_enabled=&#8221;off&#8221; button_one_letter_spacing__hover_enabled=&#8221;off&#8221; button_two_letter_spacing__hover_enabled=&#8221;off&#8221; button_bg_color__hover_enabled=&#8221;off&#8221; button_one_bg_color__hover_enabled=&#8221;off&#8221; button_two_bg_color__hover_enabled=&#8221;off&#8221;][\/et_pb_contact_field][et_pb_contact_field field_id=&#8221;Field_6&#8243; field_title=&#8221; &#8221; field_type=&#8221;checkbox&#8221; checkbox_options=&#8221;%91{%22value%22:%22H\u00e4rmed accepterar jag att Advokatfirman Bystr\u00f6m registerar min information f\u00f6r att kunna kontakta mig (obligatoriskt)*%22,%22checked%22:0,%22dragID%22:-1}%93&#8243; fullwidth_field=&#8221;on&#8221; _builder_version=&#8221;4.17.4&#8243; _module_preset=&#8221;default&#8221; form_field_text_color=&#8221;#000000&#8243; form_field_font_size=&#8221;11px&#8221; global_colors_info=&#8221;{}&#8221;][\/et_pb_contact_field][\/et_pb_contact_form][et_pb_text _builder_version=&#8221;4.17.4&#8243; _module_preset=&#8221;default&#8221; text_text_color=&#8221;#575556&#8243; text_font_size=&#8221;11px&#8221; text_line_height=&#8221;1.5em&#8221; header_text_color=&#8221;#575556&#8243; header_font_size=&#8221;15px&#8221; custom_margin=&#8221;||6px|||&#8221; border_color_all=&#8221;#5965AD&#8221; locked=&#8221;off&#8221; global_colors_info=&#8221;{}&#8221;]<em>*Obligatoriska f\u00e4lt<\/em>[\/et_pb_text][et_pb_text _builder_version=&#8221;4.20.2&#8243; _module_preset=&#8221;default&#8221; text_text_color=&#8221;#575556&#8243; text_font_size=&#8221;15px&#8221; text_line_height=&#8221;1.5em&#8221; header_text_color=&#8221;#575556&#8243; header_font_size=&#8221;15px&#8221; border_color_all=&#8221;#5965AD&#8221; locked=&#8221;off&#8221; global_colors_info=&#8221;{}&#8221;]<\/p>\n<p>L\u00e4s mer om v\u00e5r policy f\u00f6r <a style=\"color: black;\" href=\"https:\/\/projectone.fr\/sv\/mentions-legales\/\">integritetsskydd<\/a><\/p>\n<p>[\/et_pb_text][\/et_pb_column][et_pb_column type=&#8221;1_2&#8243; _builder_version=&#8221;4.17.4&#8243; _module_preset=&#8221;default&#8221; background_color=&#8221;#FFFFFF&#8221; border_radii=&#8221;on|50px|50px|50px|50px&#8221; border_width_all=&#8221;1px&#8221; border_color_all=&#8221;#FFFFFF&#8221; global_colors_info=&#8221;{}&#8221;][et_pb_text admin_label=&#8221;Text&#8221; _builder_version=&#8221;4.20.2&#8243; header_2_font_size=&#8221;24px&#8221; background_enable_color=&#8221;off&#8221; background_size=&#8221;initial&#8221; background_position=&#8221;top_left&#8221; background_repeat=&#8221;repeat&#8221; custom_margin=&#8221;41px|50px|18px|50px|false|false&#8221; border_radii=&#8221;on|50px|50px|50px|50px&#8221; border_color_bottom=&#8221;#FDC915&#8243; locked=&#8221;off&#8221; global_colors_info=&#8221;{}&#8221;]<\/p>\n<h2 style=\"text-align: center;\">Boka gratis telefontid<\/h2>\n<p style=\"text-align: center;\">15 min presentation<\/p>\n<p>[\/et_pb_text][et_pb_code _builder_version=&#8221;4.17.4&#8243; _module_preset=&#8221;default&#8221; global_colors_info=&#8221;{}&#8221;]<!-- D\u00e9but de widget en ligne Calendly --><!-- [et_pb_line_break_holder] --><\/p>\n<div class=\"calendly-inline-widget\" data-url=\"https:\/\/calendly.com\/sara-bystrom-1\/reunion-de-15-minutes-bystrom-avocat?hide_event_type_details=1&#038;primary_color=fec91f\" style=\"min-width:320px;height:630px;\"><\/div>\n<p><!-- [et_pb_line_break_holder] --><script type=\"text\/javascript\" src=\"https:\/\/assets.calendly.com\/assets\/external\/widget.js\" async><\/script><!-- [et_pb_line_break_holder] --><!-- Fin de widget en ligne Calendly -->[\/et_pb_code][\/et_pb_column][\/et_pb_row][\/et_pb_section][et_pb_section fb_built=&#8221;1&#8243; disabled_on=&#8221;on|on|off&#8221; _builder_version=&#8221;4.17.4&#8243; _module_preset=&#8221;default&#8221; background_color=&#8221;#E7E6E6&#8243; use_background_color_gradient=&#8221;on&#8221; background_color_gradient_stops=&#8221;#e7e6e6 0%|#ffffff 99%&#8221; custom_padding=&#8221;26px||29px|||&#8221; global_colors_info=&#8221;{}&#8221;][et_pb_row column_structure=&#8221;2_5,3_5&#8243; _builder_version=&#8221;4.17.3&#8243; _module_preset=&#8221;default&#8221; background_image=&#8221;https:\/\/projectone.fr\/wp-content\/uploads\/2022\/04\/tour-eiffel2.jpg&#8221; custom_padding=&#8221;76px||176px|114px||&#8221; border_radii=&#8221;on|25px|25px|25px|25px&#8221; global_colors_info=&#8221;{}&#8221;][et_pb_column type=&#8221;2_5&#8243; _builder_version=&#8221;4.17.3&#8243; _module_preset=&#8221;default&#8221; global_colors_info=&#8221;{}&#8221;][et_pb_code _builder_version=&#8221;4.17.3&#8243; _module_preset=&#8221;default&#8221; global_colors_info=&#8221;{}&#8221;]<iframe loading=\"lazy\" src=\"https:\/\/www.google.com\/maps\/embed?pb=!1m18!1m12!1m3!1d14850.745857100117!2d2.3204760298565845!3d48.85314214471938!2m3!1f0!2f0!3f0!3m2!1i1024!2i768!4f13.1!3m3!1m2!1s0x47e66fe6b306c29b%3A0x20fdd2c20e780e36!2sCABINET+D'AVOCAT+SARA+BYSTROM+-+ADVOKATBYR%C3%85+BYSTROM+-+BYSTROM+LAW+FIRM!5e0!3m2!1sfr!2s!4v1546876695432\" width=\"600\" height=\"250\" frameborder=\"0\" style=\"border: 0px; pointer-events: none;\" allowfullscreen=\"\"><\/iframe>[\/et_pb_code][\/et_pb_column][et_pb_column type=&#8221;3_5&#8243; _builder_version=&#8221;4.17.3&#8243; _module_preset=&#8221;default&#8221; global_colors_info=&#8221;{}&#8221;][\/et_pb_column][\/et_pb_row][\/et_pb_section][et_pb_section fb_built=&#8221;1&#8243; disabled_on=&#8221;on|on|on&#8221; _builder_version=&#8221;4.17.4&#8243; _module_preset=&#8221;default&#8221; background_color=&#8221;#FFFFFF&#8221; custom_padding=&#8221;89px||89px||true|&#8221; disabled=&#8221;on&#8221; global_colors_info=&#8221;{}&#8221;][et_pb_row _builder_version=&#8221;4.17.0&#8243; _module_preset=&#8221;default&#8221; global_colors_info=&#8221;{}&#8221;][et_pb_column type=&#8221;4_4&#8243; _builder_version=&#8221;4.17.0&#8243; _module_preset=&#8221;default&#8221; global_colors_info=&#8221;{}&#8221;][et_pb_text _builder_version=&#8221;4.17.1&#8243; _module_preset=&#8221;default&#8221; header_2_text_color=&#8221;#000000&#8243; global_colors_info=&#8221;{}&#8221;]<\/p>\n<h2 style=\"text-align: center;\">Les derni\u00e8res actualit\u00e9s du Cabinet Bystr\u00f6m Avocats<\/h2>\n<p>[\/et_pb_text][\/et_pb_column][\/et_pb_row][et_pb_row column_structure=&#8221;1_3,1_3,1_3&#8243; _builder_version=&#8221;4.17.3&#8243; _module_preset=&#8221;default&#8221; custom_margin=&#8221;0px||0px||false|false&#8221; custom_padding=&#8221;0px||0px||false|false&#8221; global_colors_info=&#8221;{}&#8221;][et_pb_column type=&#8221;1_3&#8243; _builder_version=&#8221;4.17.3&#8243; _module_preset=&#8221;default&#8221; background_color=&#8221;#FDC915&#8243; use_background_color_gradient=&#8221;on&#8221; background_color_gradient_type=&#8221;circular&#8221; background_color_gradient_stops=&#8221;#e7e6e6 58%|#ffffff 58%&#8221; custom_padding=&#8221;40px|20px|40px|20px|true|true&#8221; border_radii=&#8221;on|10px|10px|10px|10px&#8221; border_color_left=&#8221;#FFFFFF&#8221; global_colors_info=&#8221;{}&#8221;][et_pb_text _builder_version=&#8221;4.17.1&#8243; _module_preset=&#8221;default&#8221; text_font=&#8221;|300|||||||&#8221; text_text_color=&#8221;#000000&#8243; text_font_size=&#8221;15px&#8221; text_line_height=&#8221;1.2em&#8221; header_2_text_color=&#8221;#000000&#8243; header_2_font_size=&#8221;21px&#8221; border_color_left=&#8221;#000000&#8243; global_colors_info=&#8221;{}&#8221;]<\/p>\n<h2 style=\"text-align: center;\">Sara Bystr\u00f6m Advokat i Paris (Podcast intervju \u2013 Thodmedia)<\/h2>\n<p style=\"text-align: center;\">Podcast interview en su\u00e9dois par Thodmedia. 3\u00e8me partie d\u2019une s\u00e9rie de Henrik Thorson.<\/p>\n<p>[\/et_pb_text][et_pb_text _builder_version=&#8221;4.17.1&#8243; _module_preset=&#8221;default&#8221; text_text_color=&#8221;#000000&#8243; text_font_size=&#8221;17px&#8221; global_colors_info=&#8221;{}&#8221;]<\/p>\n<p style=\"text-align: center;\"><em>1er d\u00e9cembre 2021<\/em><\/p>\n<p>[\/et_pb_text][\/et_pb_column][et_pb_column type=&#8221;1_3&#8243; _builder_version=&#8221;4.17.3&#8243; _module_preset=&#8221;default&#8221; background_color=&#8221;#FFFFFF&#8221; use_background_color_gradient=&#8221;on&#8221; background_color_gradient_type=&#8221;circular&#8221; background_color_gradient_stops=&#8221;#fdc915 59%|#ffffff 59%&#8221; custom_padding=&#8221;40px|20px|40px|20px|true|true&#8221; border_radii=&#8221;on|10px|10px|10px|10px&#8221; border_color_left=&#8221;#FFFFFF&#8221; global_colors_info=&#8221;{}&#8221;][et_pb_text _builder_version=&#8221;4.17.1&#8243; _module_preset=&#8221;default&#8221; text_font=&#8221;|300|||||||&#8221; text_text_color=&#8221;#000000&#8243; text_font_size=&#8221;15px&#8221; text_line_height=&#8221;1.2em&#8221; header_2_text_color=&#8221;#000000&#8243; header_2_font_size=&#8221;21px&#8221; border_color_left=&#8221;#000000&#8243; global_colors_info=&#8221;{}&#8221;]<\/p>\n<h2 style=\"text-align: center;\">Interview de Ma\u00eetre Sara Bystr\u00f6m dans Lib\u00e9ration<\/h2>\n<p style=\"text-align: center;\">Interview de Ma\u00eetre Sara Bystr\u00f6m dans le journal Lib\u00e9ration s\u2019agissant de la proposition de loi pour moderniser la lutte contre la contrefa\u00e7on.<\/p>\n<p>[\/et_pb_text][et_pb_text _builder_version=&#8221;4.17.1&#8243; _module_preset=&#8221;default&#8221; text_text_color=&#8221;#000000&#8243; text_font_size=&#8221;17px&#8221; global_colors_info=&#8221;{}&#8221;]<\/p>\n<p style=\"text-align: center;\"><em>18 novembre 2021<\/em><\/p>\n<p>[\/et_pb_text][\/et_pb_column][et_pb_column type=&#8221;1_3&#8243; _builder_version=&#8221;4.17.3&#8243; _module_preset=&#8221;default&#8221; background_color=&#8221;#FFFFFF&#8221; use_background_color_gradient=&#8221;on&#8221; background_color_gradient_type=&#8221;circular&#8221; background_color_gradient_stops=&#8221;#e7e6e6 58%|#ffffff 58%&#8221; custom_padding=&#8221;40px|20px|40px|20px|true|true&#8221; border_radii=&#8221;on|10px|10px|10px|10px&#8221; border_color_left=&#8221;#FFFFFF&#8221; global_colors_info=&#8221;{}&#8221;][et_pb_text _builder_version=&#8221;4.17.1&#8243; _module_preset=&#8221;default&#8221; text_font=&#8221;|300|||||||&#8221; text_text_color=&#8221;#000000&#8243; text_font_size=&#8221;15px&#8221; text_line_height=&#8221;1.2em&#8221; header_2_text_color=&#8221;#000000&#8243; header_2_font_size=&#8221;21px&#8221; border_color_left=&#8221;#000000&#8243; global_colors_info=&#8221;{}&#8221;]<\/p>\n<h2 style=\"text-align: center;\">Nouvelles formes de photo et droit \u2013 La Gazette Drouot<\/h2>\n<p style=\"text-align: center;\">Apr\u00e8s avoir mis du temps \u00e0 \u00eatre accept\u00e9e sur le march\u00e9 de l\u2019art, la photographie contemporaine continue de surprendre par sa flexibilit\u00e9, souplesse, adaptabilit\u00e9 et modernit\u00e9 !<\/p>\n<p>[\/et_pb_text][et_pb_text _builder_version=&#8221;4.17.1&#8243; _module_preset=&#8221;default&#8221; text_text_color=&#8221;#000000&#8243; text_font_size=&#8221;17px&#8221; global_colors_info=&#8221;{}&#8221;]<\/p>\n<p style=\"text-align: center;\"><em>4 juin 2021<\/em><\/p>\n<p>[\/et_pb_text][\/et_pb_column][\/et_pb_row][et_pb_row _builder_version=&#8221;4.17.0&#8243; _module_preset=&#8221;default&#8221; global_colors_info=&#8221;{}&#8221;][et_pb_column type=&#8221;4_4&#8243; _builder_version=&#8221;4.17.0&#8243; _module_preset=&#8221;default&#8221; global_colors_info=&#8221;{}&#8221;][et_pb_text _builder_version=&#8221;4.17.3&#8243; _module_preset=&#8221;default&#8221; text_text_color=&#8221;#000000&#8243; text_font_size=&#8221;21px&#8221; background_color=&#8221;#FFFFFF&#8221; max_width=&#8221;35%&#8221; module_alignment=&#8221;right&#8221; custom_margin=&#8221;||16px|||&#8221; custom_padding=&#8221;15px||15px||true|false&#8221; border_radii=&#8221;on|50px|50px|50px|50px&#8221; border_width_all=&#8221;4px&#8221; border_color_all=&#8221;#FDC915&#8243; box_shadow_style=&#8221;preset3&#8243; box_shadow_vertical=&#8221;10px&#8221; box_shadow_blur=&#8221;10px&#8221; global_colors_info=&#8221;{}&#8221; transform_styles__hover_enabled=&#8221;on|hover&#8221; transform_scale__hover=&#8221;107%|107%&#8221; transform_scale__hover_enabled=&#8221;on|hover&#8221; transform_translate__hover_enabled=&#8221;on|desktop&#8221; transform_rotate__hover_enabled=&#8221;on|desktop&#8221; transform_skew__hover_enabled=&#8221;on|desktop&#8221; transform_origin__hover_enabled=&#8221;on|desktop&#8221;]<\/p>\n<p style=\"text-align: center;\">Voir toutes les actualit\u00e9s<\/p>\n<p>[\/et_pb_text][\/et_pb_column][\/et_pb_row][\/et_pb_section]<\/p>\n","protected":false},"excerpt":{"rendered":"<p>Sara Bystr\u00f6m, din h\u00f6gra hand som sk\u00f6ter om dina intressen i Frankrike.Som fransk advokat fr\u00e5n Sverige f\u00f6retr\u00e4der jag svenskar, amerikaner och andra v\u00e4rldsmedborgares intressen i Moli\u00e8res land.Svenska f\u00f6retagSvenska privatpersonerTitta p\u00e5 v\u00e5r presentationsvideo ! Aktivera svensk text nere till h\u00f6ger i videon.Tillf\u00f6rlitlig N\u00e4r vi tar hand om din fr\u00e5ga eller ditt problem med franska aspekter \u00e4r [&hellip;]<\/p>\n","protected":false},"author":1,"featured_media":0,"parent":0,"menu_order":0,"comment_status":"closed","ping_status":"closed","template":"","meta":{"_et_pb_use_builder":"on","_et_pb_old_content":"","_et_gb_content_width":"","footnotes":""},"class_list":["post-139","page","type-page","status-publish","hentry"],"_links":{"self":[{"href":"https:\/\/projectone.fr\/sv\/wp-json\/wp\/v2\/pages\/139","targetHints":{"allow":["GET"]}}],"collection":[{"href":"https:\/\/projectone.fr\/sv\/wp-json\/wp\/v2\/pages"}],"about":[{"href":"https:\/\/projectone.fr\/sv\/wp-json\/wp\/v2\/types\/page"}],"author":[{"embeddable":true,"href":"https:\/\/projectone.fr\/sv\/wp-json\/wp\/v2\/users\/1"}],"replies":[{"embeddable":true,"href":"https:\/\/projectone.fr\/sv\/wp-json\/wp\/v2\/comments?post=139"}],"version-history":[{"count":0,"href":"https:\/\/projectone.fr\/sv\/wp-json\/wp\/v2\/pages\/139\/revisions"}],"wp:attachment":[{"href":"https:\/\/projectone.fr\/sv\/wp-json\/wp\/v2\/media?parent=139"}],"curies":[{"name":"wp","href":"https:\/\/api.w.org\/{rel}","templated":true}]}}