{"id":6937,"date":"2022-05-30T21:39:50","date_gmt":"2022-05-30T19:39:50","guid":{"rendered":"https:\/\/projectone.fr\/?page_id=6937"},"modified":"2022-11-06T16:32:20","modified_gmt":"2022-11-06T15:32:20","slug":"svenska-foretag","status":"publish","type":"page","link":"https:\/\/projectone.fr\/sv\/svenska-foretag\/","title":{"rendered":"Svenska f\u00f6retag"},"content":{"rendered":"<p>[et_pb_section fb_built=&#8221;1&#8243; _builder_version=&#8221;4.17.3&#8243; _module_preset=&#8221;default&#8221; background_color=&#8221;#FDC915&#8243; background_enable_image=&#8221;off&#8221; background_size=&#8221;contain&#8221; background_position=&#8221;center_right&#8221; background_horizontal_offset=&#8221;0%&#8221; custom_padding=&#8221;0px||0px||false|false&#8221; bottom_divider_height=&#8221;42px&#8221; bottom_divider_flip=&#8221;vertical&#8221; global_colors_info=&#8221;{}&#8221;][et_pb_row column_structure=&#8221;1_4,1_4,1_2&#8243; use_custom_gutter=&#8221;on&#8221; gutter_width=&#8221;1&#8243; make_equal=&#8221;on&#8221; _builder_version=&#8221;4.17.3&#8243; _module_preset=&#8221;default&#8221; width=&#8221;100%&#8221; max_width=&#8221;100%&#8221; custom_margin=&#8221;||||false|false&#8221; custom_padding=&#8221;50px||50px||true|false&#8221; global_colors_info=&#8221;{}&#8221;][et_pb_column type=&#8221;1_4&#8243; module_class=&#8221;centrer-verticalement&#8221; _builder_version=&#8221;4.17.3&#8243; _module_preset=&#8221;default&#8221; background_color=&#8221;#FDC915&#8243; background_enable_image=&#8221;off&#8221; background_size=&#8221;contain&#8221; background_position=&#8221;top_left&#8221; custom_padding=&#8221;|30px||30px|false|true&#8221; border_color_right=&#8221;#FFFFFF&#8221; global_colors_info=&#8221;{}&#8221;][et_pb_image src=&#8221;https:\/\/projectone.fr\/wp-content\/uploads\/2022\/05\/logo-sara-bystrom-177.png&#8221; title_text=&#8221;logo-sara-bystrom-177&#8243; url=&#8221;@ET-DC@eyJkeW5hbWljIjp0cnVlLCJjb250ZW50IjoicG9zdF9saW5rX3VybF9wYWdlIiwic2V0dGluZ3MiOnsicG9zdF9pZCI6IjIzIn19@&#8221; align=&#8221;center&#8221; _builder_version=&#8221;4.17.4&#8243; _dynamic_attributes=&#8221;url&#8221; _module_preset=&#8221;default&#8221; width_tablet=&#8221;&#8221; width_phone=&#8221;&#8221; width_last_edited=&#8221;on|desktop&#8221; global_colors_info=&#8221;{}&#8221;][\/et_pb_image][\/et_pb_column][et_pb_column type=&#8221;1_4&#8243; module_class=&#8221;centrer-verticalement&#8221; _builder_version=&#8221;4.17.3&#8243; _module_preset=&#8221;default&#8221; background_color=&#8221;#FDC915&#8243; custom_padding=&#8221;|0px||0px|false|true&#8221; border_color_right=&#8221;#FFFFFF&#8221; global_colors_info=&#8221;{}&#8221;][et_pb_text _builder_version=&#8221;4.17.4&#8243; _module_preset=&#8221;default&#8221; header_font=&#8221;||||||||&#8221; header_font_size=&#8221;33px&#8221; header_3_font_size=&#8221;30px&#8221; header_3_line_height=&#8221;1.2em&#8221; custom_padding_tablet=&#8221;3vh||3vh|0px|false|false&#8221; custom_padding_phone=&#8221;3vh|3vh|3vh|3vh|true|true&#8221; custom_padding_last_edited=&#8221;on|desktop&#8221; global_colors_info=&#8221;{}&#8221;]<\/p>\n<h3 style=\"text-align: left;\">Svenska f\u00f6retag<\/h3>\n<p>Vi \u00e4r er franska aff\u00e4rspartner f\u00f6r optimering av er verksamhet och aktivitet, era franska partnerskap och andra innovativa projekt<\/p>\n<p>[\/et_pb_text][\/et_pb_column][et_pb_column type=&#8221;1_2&#8243; module_class=&#8221;centrer-verticalement&#8221; _builder_version=&#8221;4.17.3&#8243; _module_preset=&#8221;default&#8221; custom_padding=&#8221;|30px||30px|false|true&#8221; custom_padding_tablet=&#8221;|30px||30px|false|true&#8221; custom_padding_phone=&#8221;|30px||30px|false|true&#8221; custom_padding_last_edited=&#8221;on|phone&#8221; border_color_right=&#8221;#FFFFFF&#8221; global_colors_info=&#8221;{}&#8221;][et_pb_image src=&#8221;https:\/\/projectone.fr\/wp-content\/uploads\/2022\/05\/foreign-companies.jpg&#8221; title_text=&#8221;foreign-companies&#8221; _builder_version=&#8221;4.17.4&#8243; _module_preset=&#8221;default&#8221; width=&#8221;91.7%&#8221; border_radii=&#8221;on|25px|25px|25px|25px&#8221; box_shadow_style=&#8221;preset1&#8243; global_colors_info=&#8221;{}&#8221; custom_padding__hover_enabled=&#8221;off|desktop&#8221;][\/et_pb_image][\/et_pb_column][\/et_pb_row][\/et_pb_section][et_pb_section fb_built=&#8221;1&#8243; _builder_version=&#8221;4.17.1&#8243; _module_preset=&#8221;default&#8221; min_height=&#8221;571.9px&#8221; global_colors_info=&#8221;{}&#8221;][et_pb_row column_structure=&#8221;1_4,1_4,1_4,1_4&#8243; _builder_version=&#8221;4.17.1&#8243; _module_preset=&#8221;default&#8221; border_width_bottom=&#8221;1px&#8221; border_color_bottom=&#8221;#FDC915&#8243; global_colors_info=&#8221;{}&#8221;][et_pb_column type=&#8221;1_4&#8243; _builder_version=&#8221;4.17.1&#8243; _module_preset=&#8221;default&#8221; global_colors_info=&#8221;{}&#8221;][et_pb_text _builder_version=&#8221;4.17.4&#8243; _module_preset=&#8221;default&#8221; global_colors_info=&#8221;{}&#8221;]<\/p>\n<p><strong><span style=\"color: #fdc915;\">\u00d6nskar du<\/span><\/strong><br \/>starta ett f\u00f6retag eller en filial i Frankrike och v\u00e4lja b\u00e4sta bolagsform med k\u00e4nnedom om g\u00e4llande regler ?<\/p>\n<p>[\/et_pb_text][\/et_pb_column][et_pb_column type=&#8221;1_4&#8243; _builder_version=&#8221;4.17.1&#8243; _module_preset=&#8221;default&#8221; global_colors_info=&#8221;{}&#8221;][et_pb_text _builder_version=&#8221;4.17.4&#8243; _module_preset=&#8221;default&#8221; global_colors_info=&#8221;{}&#8221;]<\/p>\n<p><strong><span style=\"color: #fdc915;\">Beh\u00f6ver ni<\/span><\/strong><br \/>utveckla, ut\u00f6ka verksamheten till franska kunder och s\u00e4kerst\u00e4lla kontrakt, avtal, villkor, legal opinion, MOU etc ?<\/p>\n<p>[\/et_pb_text][\/et_pb_column][et_pb_column type=&#8221;1_4&#8243; _builder_version=&#8221;4.17.1&#8243; _module_preset=&#8221;default&#8221; global_colors_info=&#8221;{}&#8221;][et_pb_text _builder_version=&#8221;4.17.4&#8243; _module_preset=&#8221;default&#8221; global_colors_info=&#8221;{}&#8221;]<\/p>\n<p><strong><span style=\"color: #fdc915;\">Vill ni\u00a0<\/span><\/strong><br \/>l\u00e4gga ut franska personal\u00e4renden eller juridiska fr<span>\u00e5gor<\/span> g\u00e4llande Frankrike p<span>\u00e5<\/span> entrepenad ?<\/p>\n<p>[\/et_pb_text][\/et_pb_column][et_pb_column type=&#8221;1_4&#8243; _builder_version=&#8221;4.17.1&#8243; _module_preset=&#8221;default&#8221; global_colors_info=&#8221;{}&#8221;][et_pb_text _builder_version=&#8221;4.17.4&#8243; _module_preset=&#8221;default&#8221; global_colors_info=&#8221;{}&#8221;]<\/p>\n<p><strong><span style=\"color: #fdc915;\">\u00d6nskar ni<\/span><\/strong><br \/>som ledande innovtivt f\u00f6retag i er bransch ta marknadsandelar i Frankrike ?<\/p>\n<p>[\/et_pb_text][\/et_pb_column][\/et_pb_row][et_pb_row column_structure=&#8221;1_4,1_4,1_4,1_4&#8243; _builder_version=&#8221;4.17.1&#8243; _module_preset=&#8221;default&#8221; border_color_bottom=&#8221;#FDC915&#8243; global_colors_info=&#8221;{}&#8221;][et_pb_column type=&#8221;1_4&#8243; _builder_version=&#8221;4.17.1&#8243; _module_preset=&#8221;default&#8221; global_colors_info=&#8221;{}&#8221;][et_pb_text _builder_version=&#8221;4.17.4&#8243; _module_preset=&#8221;default&#8221; global_colors_info=&#8221;{}&#8221;]<\/p>\n<p><strong><span style=\"color: #fdc915;\">T\u00e4nker ni<\/span><\/strong><br \/>anst\u00e4lla och utveckla er n\u00e4rvaro i Frankrike och vill minimera riskerna i fransk arbetsr\u00e4tt ?<\/p>\n<p>[\/et_pb_text][\/et_pb_column][et_pb_column type=&#8221;1_4&#8243; _builder_version=&#8221;4.17.1&#8243; _module_preset=&#8221;default&#8221; global_colors_info=&#8221;{}&#8221;][et_pb_text _builder_version=&#8221;4.17.4&#8243; _module_preset=&#8221;default&#8221; global_colors_info=&#8221;{}&#8221;]<strong><span style=\"color: #fdc915;\">\u00d6nskar ni<\/span><\/strong><br \/>\natt dina franska kunder eller \u00e5terf\u00f6rs\u00e4ljare skall betala sina fakturor eller skulder ?[\/et_pb_text][\/et_pb_column][et_pb_column type=&#8221;1_4&#8243; _builder_version=&#8221;4.17.1&#8243; _module_preset=&#8221;default&#8221; global_colors_info=&#8221;{}&#8221;][et_pb_text _builder_version=&#8221;4.17.4&#8243; _module_preset=&#8221;default&#8221; global_colors_info=&#8221;{}&#8221;]<\/p>\n<p><strong><span style=\"color: #fdc915;\">Undrar ni\u00a0<\/span><\/strong><br \/>vilka regler som g\u00e4ller ert varum\u00e4rke, logga, namn, m\u00f6nsterskydd mm i Frankrike ?<\/p>\n<p>[\/et_pb_text][\/et_pb_column][et_pb_column type=&#8221;1_4&#8243; _builder_version=&#8221;4.17.1&#8243; _module_preset=&#8221;default&#8221; global_colors_info=&#8221;{}&#8221;][et_pb_text _builder_version=&#8221;4.17.4&#8243; _module_preset=&#8221;default&#8221; global_colors_info=&#8221;{}&#8221;]<\/p>\n<p><strong><span style=\"color: #fdc915;\">Vill du<\/span><\/strong><br \/>utveckla din verksamhet i Frankrike genom en speciellt anpassad, stark och s\u00e4ker aff\u00e4rsstrategi ?<\/p>\n<p>[\/et_pb_text][\/et_pb_column][\/et_pb_row][et_pb_row column_structure=&#8221;1_3,1_3,1_3&#8243; _builder_version=&#8221;4.17.4&#8243; _module_preset=&#8221;default&#8221; global_colors_info=&#8221;{}&#8221;][et_pb_column type=&#8221;1_3&#8243; _builder_version=&#8221;4.17.4&#8243; _module_preset=&#8221;default&#8221; global_colors_info=&#8221;{}&#8221;][\/et_pb_column][et_pb_column type=&#8221;1_3&#8243; _builder_version=&#8221;4.17.4&#8243; _module_preset=&#8221;default&#8221; global_colors_info=&#8221;{}&#8221;][et_pb_text disabled_on=&#8221;off|off|off&#8221; _builder_version=&#8221;4.17.4&#8243; _dynamic_attributes=&#8221;link_option_url&#8221; _module_preset=&#8221;default&#8221; text_text_color=&#8221;#000000&#8243; text_font_size=&#8221;21px&#8221; background_color=&#8221;#FFFFFF&#8221; custom_margin=&#8221;||16px|||&#8221; custom_padding=&#8221;15px||15px||true|false&#8221; link_option_url=&#8221;@ET-DC@eyJkeW5hbWljIjp0cnVlLCJjb250ZW50IjoicG9zdF9saW5rX3VybF9wYWdlIiwic2V0dGluZ3MiOnsicG9zdF9pZCI6IjEzNTAifX0=@&#8221; border_radii=&#8221;on|50px|50px|50px|50px&#8221; border_width_all=&#8221;4px&#8221; border_color_all=&#8221;#FDC915&#8243; box_shadow_style=&#8221;preset3&#8243; box_shadow_vertical=&#8221;10px&#8221; box_shadow_blur=&#8221;10px&#8221; global_colors_info=&#8221;{}&#8221; transform_styles__hover_enabled=&#8221;on|hover&#8221; transform_scale__hover=&#8221;107%|107%&#8221; transform_scale__hover_enabled=&#8221;on|hover&#8221; transform_translate__hover_enabled=&#8221;on|desktop&#8221; transform_rotate__hover_enabled=&#8221;on|desktop&#8221; transform_skew__hover_enabled=&#8221;on|desktop&#8221; transform_origin__hover_enabled=&#8221;on|desktop&#8221;]<\/p>\n<p style=\"text-align: center;\"><strong>Kontakta oss<\/strong><\/p>\n<p>[\/et_pb_text][\/et_pb_column][et_pb_column type=&#8221;1_3&#8243; _builder_version=&#8221;4.17.4&#8243; _module_preset=&#8221;default&#8221; global_colors_info=&#8221;{}&#8221;][\/et_pb_column][\/et_pb_row][\/et_pb_section][et_pb_section fb_built=&#8221;1&#8243; _builder_version=&#8221;4.17.1&#8243; _module_preset=&#8221;default&#8221; background_color=&#8221;#e7e6e6&#8243; custom_margin=&#8221;-35px||-103px|||&#8221; custom_padding=&#8221;3px||102px|||&#8221; global_colors_info=&#8221;{}&#8221;][et_pb_row column_structure=&#8221;1_3,1_3,1_3&#8243; use_custom_gutter=&#8221;on&#8221; gutter_width=&#8221;1&#8243; make_equal=&#8221;on&#8221; _builder_version=&#8221;4.17.3&#8243; _module_preset=&#8221;default&#8221; global_colors_info=&#8221;{}&#8221;][et_pb_column type=&#8221;1_3&#8243; _builder_version=&#8221;4.17.3&#8243; _module_preset=&#8221;default&#8221; custom_padding=&#8221;|20px||20px|false|true&#8221; border_width_right=&#8221;1px&#8221; border_width_right_tablet=&#8221;0px&#8221; border_width_right_phone=&#8221;0px&#8221; border_width_right_last_edited=&#8221;on|desktop&#8221; global_colors_info=&#8221;{}&#8221;][et_pb_icon font_icon=&#8221;&#xe064;||fa||900&#8243; icon_color=&#8221;#5965AD&#8221; icon_width=&#8221;60px&#8221; _builder_version=&#8221;4.17.3&#8243; _module_preset=&#8221;default&#8221; custom_padding=&#8221;||25px|||&#8221; global_colors_info=&#8221;{}&#8221;][\/et_pb_icon][et_pb_text _builder_version=&#8221;4.17.4&#8243; _module_preset=&#8221;default&#8221; text_font=&#8221;Montserrat|600|||||||&#8221; text_font_size=&#8221;23px&#8221; text_line_height=&#8221;1.4em&#8221; custom_padding=&#8221;34px|||||&#8221; custom_padding_tablet=&#8221;0px||||false|false&#8221; custom_padding_phone=&#8221;0px||||false|false&#8221; custom_padding_last_edited=&#8221;on|tablet&#8221; global_colors_info=&#8221;{}&#8221;]<\/p>\n<p style=\"text-align: center;\"><strong>Kulturk\u00e4nnedom<\/strong><\/p>\n<p>[\/et_pb_text][et_pb_text _builder_version=&#8221;4.17.4&#8243; _module_preset=&#8221;default&#8221; global_colors_info=&#8221;{}&#8221;]<\/p>\n<p style=\"text-align: center;\">Svensk &#8211; Fransk \u2013 Amerikansk ; f\u00f6r optimierad fransk business.<\/p>\n<p>[\/et_pb_text][\/et_pb_column][et_pb_column type=&#8221;1_3&#8243; _builder_version=&#8221;4.17.3&#8243; _module_preset=&#8221;default&#8221; custom_padding=&#8221;|20px||20px|false|true&#8221; custom_padding_tablet=&#8221;40px||||false|true&#8221; custom_padding_phone=&#8221;40px||||false|true&#8221; custom_padding_last_edited=&#8221;on|phone&#8221; border_width_right=&#8221;1px&#8221; border_width_right_tablet=&#8221;0px&#8221; border_width_right_phone=&#8221;0px&#8221; border_width_right_last_edited=&#8221;on|desktop&#8221; global_colors_info=&#8221;{}&#8221;][et_pb_icon font_icon=&#8221;&#xf002;||fa||900&#8243; icon_color=&#8221;#5965AD&#8221; icon_width=&#8221;60px&#8221; _builder_version=&#8221;4.17.4&#8243; _module_preset=&#8221;default&#8221; custom_padding=&#8221;||25px|||&#8221; locked=&#8221;off&#8221; global_colors_info=&#8221;{}&#8221;][\/et_pb_icon][et_pb_text _builder_version=&#8221;4.17.4&#8243; _module_preset=&#8221;default&#8221; text_font=&#8221;Montserrat|600|||||||&#8221; text_font_size=&#8221;23px&#8221; text_line_height=&#8221;1.4em&#8221; custom_padding=&#8221;34px|||||&#8221; custom_padding_tablet=&#8221;0px||||false|false&#8221; custom_padding_phone=&#8221;0px||||false|false&#8221; custom_padding_last_edited=&#8221;on|tablet&#8221; global_colors_info=&#8221;{}&#8221;]<\/p>\n<p style=\"text-align: center;\"><strong>Juridisk expertis<\/strong><\/p>\n<p>[\/et_pb_text][et_pb_text _builder_version=&#8221;4.17.4&#8243; _module_preset=&#8221;default&#8221; global_colors_info=&#8221;{}&#8221;]<\/p>\n<p style=\"text-align: center;\">F\u00f6r att bidra till er succ\u00e9 och neutralisera risker i Frankrike.<\/p>\n<p>[\/et_pb_text][\/et_pb_column][et_pb_column type=&#8221;1_3&#8243; _builder_version=&#8221;4.17.1&#8243; _module_preset=&#8221;default&#8221; custom_padding=&#8221;|20px||20px|false|true&#8221; custom_padding_tablet=&#8221;40px||||false|true&#8221; custom_padding_phone=&#8221;40px||||false|true&#8221; custom_padding_last_edited=&#8221;on|phone&#8221; border_width_right=&#8221;1px&#8221; border_width_right_tablet=&#8221;0px&#8221; border_width_right_phone=&#8221;0px&#8221; border_width_right_last_edited=&#8221;on|desktop&#8221; global_colors_info=&#8221;{}&#8221;][et_pb_icon font_icon=&#8221;&#xf568;||fa||900&#8243; icon_color=&#8221;#5965AD&#8221; icon_width=&#8221;60px&#8221; _builder_version=&#8221;4.17.3&#8243; _module_preset=&#8221;default&#8221; custom_padding=&#8221;||25px|||&#8221; global_colors_info=&#8221;{}&#8221;][\/et_pb_icon][et_pb_text _builder_version=&#8221;4.17.4&#8243; _module_preset=&#8221;default&#8221; text_font=&#8221;Montserrat|600|||||||&#8221; text_font_size=&#8221;23px&#8221; text_line_height=&#8221;1.4em&#8221; custom_padding=&#8221;34px|||||&#8221; custom_padding_tablet=&#8221;0px||||false|false&#8221; custom_padding_phone=&#8221;0px||||false|false&#8221; custom_padding_last_edited=&#8221;on|tablet&#8221; global_colors_info=&#8221;{}&#8221;]<\/p>\n<p style=\"text-align: center;\"><strong>360 grader Allt i ett<\/strong><\/p>\n<p>[\/et_pb_text][et_pb_text _builder_version=&#8221;4.17.4&#8243; _module_preset=&#8221;default&#8221; global_colors_info=&#8221;{}&#8221;]<\/p>\n<p style=\"text-align: center;\">Med v\u00e5r &#8221;One stop shop&#8221; och n\u00e4tverk av partners tar vi hand er verksamhet f\u00f6r att s\u00e4kra den.<\/p>\n<p>[\/et_pb_text][\/et_pb_column][\/et_pb_row][\/et_pb_section][et_pb_section fb_built=&#8221;1&#8243; _builder_version=&#8221;4.17.0&#8243; _module_preset=&#8221;default&#8221; min_height=&#8221;727.7px&#8221; custom_margin=&#8221;||-20px|||&#8221; custom_padding=&#8221;74px||38px|||&#8221; global_colors_info=&#8221;{}&#8221;][et_pb_row column_structure=&#8221;1_2,1_2&#8243; use_custom_gutter=&#8221;on&#8221; gutter_width=&#8221;4&#8243; make_equal=&#8221;on&#8221; _builder_version=&#8221;4.17.3&#8243; _module_preset=&#8221;default&#8221; min_height=&#8221;482.4px&#8221; custom_margin=&#8221;-60px|auto|-13px|auto||&#8221; global_colors_info=&#8221;{}&#8221;][et_pb_column type=&#8221;1_2&#8243; _builder_version=&#8221;4.17.3&#8243; _module_preset=&#8221;default&#8221; custom_padding=&#8221;3vh|3vh|3vh|3vh|true|true&#8221; border_radii=&#8221;on|50px|50px|50px|50px&#8221; border_width_all=&#8221;1px&#8221; border_color_all=&#8221;#FDC915&#8243; border_color_right=&#8221;#FDC915&#8243; box_shadow_style=&#8221;preset1&#8243; global_colors_info=&#8221;{}&#8221;][et_pb_text _builder_version=&#8221;4.17.4&#8243; _module_preset=&#8221;default&#8221; custom_margin=&#8221;||26px|||&#8221; border_width_bottom=&#8221;1px&#8221; border_color_bottom=&#8221;#FDC915&#8243; global_colors_info=&#8221;{}&#8221;]<\/p>\n<h3 style=\"text-align: center;\">A la carte<\/h3>\n<p>[\/et_pb_text][et_pb_text _builder_version=&#8221;4.17.4&#8243; _module_preset=&#8221;default&#8221; global_colors_info=&#8221;{}&#8221;]<\/p>\n<p>\u2013 R\u00e5dgivning och uppr\u00e4ttande av er franska verksamhet<br \/>\u2013 Arbetsavtal : r\u00e5dgivning, etablering, uppf\u00f6ljning<br \/>\u2013 Juridisk och admin hantering av verksamheten i Frankrike<br \/>\u2013 Villkor, kundavtal, policy : r\u00e5dgivning, etablering, uppf\u00f6ljning<br \/>\u2013 Allm\u00e4n och s\u00e4rskild juridisk risk analys<br \/>\u2013 Strategisk skuldindrivning<br \/>\u2013 Analys, inplantering och uppf\u00f6ljning av leverant\u00f6rsavtal, distributionsvillkor etc<br \/>\u2013 Analys av immaterialr\u00e4ttliga r\u00e4ttigheter : internetsida, varum\u00e4rke, logga, m\u00f6nster, design\u00a0<br \/>\u2013 Hantering av er bank och skattesituation<br \/>\u2013 Etablering av fransk juridisk aff\u00e4rsstrategi<\/p>\n<p>[\/et_pb_text][\/et_pb_column][et_pb_column type=&#8221;1_2&#8243; _builder_version=&#8221;4.17.3&#8243; _module_preset=&#8221;default&#8221; custom_padding=&#8221;3vh|3vh|3vh|3vh|true|true&#8221; border_radii=&#8221;on|50px|50px|50px|50px&#8221; border_width_all=&#8221;1px&#8221; border_color_all=&#8221;#FDC915&#8243; border_color_right=&#8221;#FDC915&#8243; box_shadow_style=&#8221;preset1&#8243; global_colors_info=&#8221;{}&#8221;][et_pb_text _builder_version=&#8221;4.17.4&#8243; _module_preset=&#8221;default&#8221; custom_margin=&#8221;||26px|||&#8221; border_width_bottom=&#8221;1px&#8221; border_color_bottom=&#8221;#FDC915&#8243; global_colors_info=&#8221;{}&#8221;]<\/p>\n<h3 style=\"text-align: center;\">I den dagliga verksamheten<\/h3>\n<p>[\/et_pb_text][et_pb_text _builder_version=&#8221;4.17.4&#8243; _module_preset=&#8221;default&#8221; global_colors_info=&#8221;{}&#8221;]<\/p>\n<p>\u2013 \u00c4r det bra att starta en filial i Frankrike eller ?<br \/>\u2013 Hur vet vi om de avtal och villkor vi planerar \u00e4r bra ?<br \/>\u2013 Vilken typ av avtal s\u00e4kerst\u00e4ller B to B handel ?<br \/>\u2013 \u00c4r v\u00e5r webbsida, sajt eller e-handel i linje med franska regler?<br \/>\u2013 Hur kan vi b\u00e4st hantera franska hyresavtal ?<br \/>\u2013 Vilka juridiska risker b\u00f6r man undvika, hur ?<br \/>\u2013 Hur s\u00e4kerst\u00e4lls ett tj\u00e4nsteavtal med en fransk partner?<br \/>\u2013 I vilka situationer \u00e4r det bra eller n\u00f6dv\u00e4ndigt med en auktoriserad revisor ?<br \/>\u2013 Hur kan vi b\u00e4st strukturera v\u00e5r franska verksamhet s\u00e5 att det svenska moderbolagets ansvar minskas ?<\/p>\n<p>[\/et_pb_text][\/et_pb_column][\/et_pb_row][et_pb_row column_structure=&#8221;1_2,1_2&#8243; use_custom_gutter=&#8221;on&#8221; gutter_width=&#8221;4&#8243; make_equal=&#8221;on&#8221; _builder_version=&#8221;4.17.3&#8243; _module_preset=&#8221;default&#8221; global_colors_info=&#8221;{}&#8221;][et_pb_column type=&#8221;1_2&#8243; _builder_version=&#8221;4.17.3&#8243; _module_preset=&#8221;default&#8221; custom_padding=&#8221;3vh|3vh|3vh|3vh|true|true&#8221; border_radii=&#8221;on|50px|50px|50px|50px&#8221; border_width_all=&#8221;1px&#8221; border_color_all=&#8221;#FDC915&#8243; border_color_right=&#8221;#FDC915&#8243; box_shadow_style=&#8221;preset1&#8243; global_colors_info=&#8221;{}&#8221;][et_pb_text _builder_version=&#8221;4.17.4&#8243; _module_preset=&#8221;default&#8221; custom_margin=&#8221;||26px|||&#8221; border_width_bottom=&#8221;1px&#8221; border_color_bottom=&#8221;#FDC915&#8243; global_colors_info=&#8221;{}&#8221;]<\/p>\n<h3 style=\"text-align: center;\">Akut\u00a0<\/h3>\n<p>[\/et_pb_text][et_pb_text _builder_version=&#8221;4.17.4&#8243; _module_preset=&#8221;default&#8221; global_colors_info=&#8221;{}&#8221;]<\/p>\n<p>\u2013 Vi har f\u00e5tt ett rekommenderat brev och vill vet hur vi skall svara<br \/>\u2013 V\u00e5rt transportf\u00f6retag v\u00e5r leverant\u00f6r har inte levererat som avtalat<br \/>\u2013 Beh\u00f6ver vi snabbt s\u00e4tta upp en strategi f\u00f6r v\u00e5r franska verksamhet ?<br \/>\u2013 Vi har f\u00e5tt ett franskt domstolsf\u00f6rel\u00e4ggande och vill veta hur vi b\u00e4st g\u00e5r vidare ?<br \/>\u2013 V\u00e5r ans\u00f6kan om betalningsanmodan har slagits av ?<br \/>\u2013 Personen vi anst\u00e4llt i Frankrike kr\u00e5nglar, hur g\u00f6r vi ?<br \/>\u2013 Vi har vattenl\u00e4ckor i v\u00e5rt franska kontor, lokal eller lager\u00a0<br \/>\u2013 Den franska filialen \u00e4r utsatt f\u00f6r en skatte och social f\u00f6rs\u00e4kringskontroll<\/p>\n<p>[\/et_pb_text][\/et_pb_column][et_pb_column type=&#8221;1_2&#8243; _builder_version=&#8221;4.17.3&#8243; _module_preset=&#8221;default&#8221; background_color=&#8221;#FDC915&#8243; custom_padding=&#8221;3vh|3vh|3vh|3vh|true|true&#8221; border_radii=&#8221;on|50px|50px|50px|50px&#8221; border_width_all=&#8221;1px&#8221; border_color_all=&#8221;#FFFFFF&#8221; border_color_right=&#8221;#FDC915&#8243; box_shadow_style=&#8221;preset1&#8243; global_colors_info=&#8221;{}&#8221;][et_pb_text _builder_version=&#8221;4.17.4&#8243; _module_preset=&#8221;default&#8221; custom_margin=&#8221;||26px|||&#8221; border_width_bottom=&#8221;1px&#8221; border_color_bottom=&#8221;#FFFFFF&#8221; global_colors_info=&#8221;{}&#8221;]<\/p>\n<h3 style=\"text-align: center;\">Fransk Advokat &#8211; M\u00e4klare<\/h3>\n<p>[\/et_pb_text][et_pb_text _builder_version=&#8221;4.17.4&#8243; _module_preset=&#8221;default&#8221; global_colors_info=&#8221;{}&#8221;]<\/p>\n<p>L\u00e5t oss s\u00e4kerst\u00e4lla ert f\u00f6retags fastighetsprojekt, investeringar, transaktioner och fr\u00e5gor som r\u00f6r kontor, lokal, byr\u00e5, lager eller mark i hela Frankrike.<\/p>\n<p>Vi hanterar allt fr\u00e5n b\u00f6rjan till slut, med trygg kontroll ! Vi tar hand om alla transaktioner : \u00f6verl\u00e5telse, f\u00f6rs\u00e4ljning, uthyrning, upps\u00e4gning mm hantering. Vi slutf\u00f6r vid behov eller n\u00e4r n\u00f6dv\u00e4ndigt alla \u00f6verl\u00e5telser med v\u00e5ra eller era notarier.<\/p>\n<p>Advokat och registrerad Advokat-M\u00e4klare f\u00f6r franska fastighets\u00e4renden ; en perfekt kombo f\u00f6r s\u00e4ker och kontrollerad hantering av ditt f\u00f6retags fastighetprojekt !<\/p>\n<p>[\/et_pb_text][et_pb_text _builder_version=&#8221;4.17.4&#8243; _dynamic_attributes=&#8221;link_option_url&#8221; _module_preset=&#8221;default&#8221; text_text_color=&#8221;#000000&#8243; text_font_size=&#8221;21px&#8221; background_color=&#8221;#FDC915&#8243; width=&#8221;45%&#8221; module_alignment=&#8221;center&#8221; custom_margin=&#8221;||16px|||&#8221; custom_padding=&#8221;15px||15px||true|false&#8221; link_option_url=&#8221;@ET-DC@eyJkeW5hbWljIjp0cnVlLCJjb250ZW50IjoicG9zdF9saW5rX3VybF9wYWdlIiwic2V0dGluZ3MiOnsicG9zdF9pZCI6IjEzNTIifX0=@&#8221; border_radii=&#8221;on|50px|50px|50px|50px&#8221; border_width_all=&#8221;4px&#8221; border_color_all=&#8221;#5965AD&#8221; box_shadow_style=&#8221;preset3&#8243; box_shadow_vertical=&#8221;10px&#8221; box_shadow_blur=&#8221;10px&#8221; global_colors_info=&#8221;{}&#8221; transform_styles__hover_enabled=&#8221;on|hover&#8221; transform_scale__hover_enabled=&#8221;on|hover&#8221; transform_translate__hover_enabled=&#8221;on|desktop&#8221; transform_rotate__hover_enabled=&#8221;on|desktop&#8221; transform_skew__hover_enabled=&#8221;on|desktop&#8221; transform_origin__hover_enabled=&#8221;on|desktop&#8221; transform_scale__hover=&#8221;107%|107%&#8221;]<\/p>\n<p style=\"text-align: center;\">L\u00e4s mer<\/p>\n<p>[\/et_pb_text][\/et_pb_column][\/et_pb_row][\/et_pb_section][et_pb_section fb_built=&#8221;1&#8243; _builder_version=&#8221;4.17.4&#8243; _module_preset=&#8221;default&#8221; background_color=&#8221;#e7e6e6&#8243; top_divider_height=&#8221;50px&#8221; top_divider_flip=&#8221;vertical&#8221; border_color_top=&#8221;#5965AD&#8221; global_colors_info=&#8221;{}&#8221;][et_pb_row _builder_version=&#8221;4.17.1&#8243; _module_preset=&#8221;default&#8221; custom_margin=&#8221;-28px|auto||auto||&#8221; global_colors_info=&#8221;{}&#8221;][et_pb_column type=&#8221;4_4&#8243; _builder_version=&#8221;4.17.1&#8243; _module_preset=&#8221;default&#8221; global_colors_info=&#8221;{}&#8221;][et_pb_text _builder_version=&#8221;4.17.4&#8243; _module_preset=&#8221;default&#8221; custom_padding=&#8221;20px||16px||false|false&#8221; box_shadow_style=&#8221;preset1&#8243; global_colors_info=&#8221;{}&#8221;]<\/p>\n<h2 style=\"text-align: center;\"><strong>Arvode\u00a0&#8211; Kostnader<\/strong><\/h2>\n<p>[\/et_pb_text][\/et_pb_column][\/et_pb_row][et_pb_row column_structure=&#8221;1_3,1_3,1_3&#8243; use_custom_gutter=&#8221;on&#8221; gutter_width=&#8221;4&#8243; _builder_version=&#8221;4.17.4&#8243; _module_preset=&#8221;default&#8221; global_colors_info=&#8221;{}&#8221;][et_pb_column type=&#8221;1_3&#8243; _builder_version=&#8221;4.17.0&#8243; _module_preset=&#8221;default&#8221; custom_padding=&#8221;|3vh||3vh|false|true&#8221; global_colors_info=&#8221;{}&#8221;][et_pb_text _builder_version=&#8221;4.17.4&#8243; _module_preset=&#8221;default&#8221; global_colors_info=&#8221;{}&#8221;]<\/p>\n<h3><strong>Svenskt f\u00f6rtroende<\/strong><br \/>in action<\/h3>\n<p>V\u00e5r svenska \u00e4rlighet och vilja till samarbete i f\u00f6rtroende, v\u00e5r klarhet och naturliga v\u00e4nlighet \u00e4r v\u00e5rt svenska DNA och k\u00e4rnv\u00e4rden vi stolt b\u00e4r f\u00f6r att g\u00f6ra samarbetet med dig s\u00e5 positivt som m\u00f6jligt.<\/p>\n<p>Vi ber\u00e4ttar exakt vad vi f\u00f6resl\u00e5r och varf\u00f6r. Vi inv\u00e4ntar alltid ditt godk\u00e4nnande innan vi agerar.<\/p>\n<h3>Klarhet och budgetering<\/h3>\n<p>Om faktureringen sker p\u00e5 timarvode faktueras endast exakt upparbetad tid dvs 10, 20, 50 minuter faktureras precist. Redovisning av upparbetad tid och \u00e5tg\u00e4rder som vidtagits tillst\u00e4lls dig automatiskt.<\/p>\n<p>Efter f\u00f6rklaring av franska reglerna vi lyder och den garanti vi som fransk advokat ger, informeras du om hur franskt advokatarvode s\u00e4tts.<\/p>\n<p>[\/et_pb_text][\/et_pb_column][et_pb_column type=&#8221;1_3&#8243; _builder_version=&#8221;4.17.0&#8243; _module_preset=&#8221;default&#8221; custom_padding=&#8221;|3vh||3vh|false|true&#8221; global_colors_info=&#8221;{}&#8221;][et_pb_text _builder_version=&#8221;4.17.4&#8243; _module_preset=&#8221;default&#8221; global_colors_info=&#8221;{}&#8221;]<\/p>\n<p>Vi beslutar tillsammans om v\u00e5rt samarbetes detaljer : arvode, externa kostnader, betalning, tidsfrister, uppdrag, information, skyldigheter mm. Ett kort klientavtal sammanst\u00e4lls och signeras av oss b\u00e5da. Varje utveckling eller f\u00f6r\u00e4ndring av uppdraget beslutas gemensamt och i skrift f\u00f6r att bevara f\u00f6rtroendet mellan oss.<\/p>\n<p>Efter v\u00e5r granskning \u00e5terkommer vi med detaljerade f\u00f6rslag p\u00e5 till \u00e5tg\u00e4rder och vi f\u00f6rklarar villkoren samt vad som kr\u00e4vs f\u00f6r att genomf\u00f6ra dem. Vi best\u00e4mmer sedan tillsammans hur ditt \u00e4rende b\u00e4st tas om hand utifr\u00e5n hur du vill g\u00e5 vidare.<\/p>\n<p>[\/et_pb_text][et_pb_text _builder_version=&#8221;4.17.4&#8243; _module_preset=&#8221;default&#8221; global_colors_info=&#8221;{}&#8221;]<\/p>\n<h3>Ett f\u00f6rsta samtal<br \/>och analys<\/h3>\n<p>F\u00f6r att b\u00e4st bist\u00e5 dig beh\u00f6vs f\u00f6rst en tydlig analys av din situation, dina fr\u00e5gor och dina behov. D\u00e4rf\u00f6r inleds v\u00e5rt samarbete med ett kort samtal per telefon, videokonferens eller ett m\u00f6te p\u00e5 byr\u00e5n.<\/p>\n<p>[\/et_pb_text][\/et_pb_column][et_pb_column type=&#8221;1_3&#8243; _builder_version=&#8221;4.17.0&#8243; _module_preset=&#8221;default&#8221; custom_padding=&#8221;|3vh||3vh|false|true&#8221; global_colors_info=&#8221;{}&#8221;][et_pb_text _builder_version=&#8221;4.17.4&#8243; _module_preset=&#8221;default&#8221; global_colors_info=&#8221;{}&#8221;]<\/p>\n<p>D\u00e4refter ber vi dig som ett f\u00f6rsta steg att tillhandah\u00e5lla oss all information och alla dokument du har.<\/p>\n<h3>Fast pris \/ abonnemang \/<br \/>timarvode<\/h3>\n<p>Faktureringen baseras efter ditt speciella \u00e4rende, fr\u00e5gas eller projekts speciella detaljer, beroende p\u00e5 vilka \u00e5tg\u00e4rder som beh\u00f6vs och tidsperspektiv samt summan som st\u00e5r p\u00e5 spel. Ofta fastst\u00e4lls arvodet i etapper, steg f\u00f6r steg och anpassas allt eftersom. I vissa fall kan fakturering ske med fast pris och i vissa fall med tidsbaserat arvode.<\/p>\n<p>Medvetna om att vissa situationer kr\u00e4ver s\u00e4rskild anpassning finns i vissa fall m\u00f6jlighet att komma \u00f6verens om abonnemang, och\/eller en procentsats p\u00e5 det belopp \u00e4rendet g\u00e4ller, t ex pengar som erh\u00e5llits till f\u00f6rm\u00e5n f\u00f6r klienten, pengar som sparats in \u00e5t klienten eller v\u00e4rde p\u00e5 fastighet.<\/p>\n<p>[\/et_pb_text][\/et_pb_column][\/et_pb_row][et_pb_row _builder_version=&#8221;4.17.4&#8243; _module_preset=&#8221;default&#8221; global_colors_info=&#8221;{}&#8221;][et_pb_column type=&#8221;4_4&#8243; _builder_version=&#8221;4.17.4&#8243; _module_preset=&#8221;default&#8221; global_colors_info=&#8221;{}&#8221;][et_pb_text _builder_version=&#8221;4.17.4&#8243; _module_preset=&#8221;default&#8221; custom_padding=&#8221;20px||16px||false|false&#8221; box_shadow_style=&#8221;preset1&#8243; global_colors_info=&#8221;{}&#8221;]<\/p>\n<h2 style=\"text-align: center;\">Betalningsm\u00f6jligheter<\/h2>\n<p>[\/et_pb_text][et_pb_text _builder_version=&#8221;4.17.4&#8243; _module_preset=&#8221;default&#8221; custom_margin=&#8221;||17px|||&#8221; global_colors_info=&#8221;{}&#8221;]<\/p>\n<p>F\u00f6r att f\u00f6renkla v\u00e5r kommunikation och optimera ditt \u00e4rende finns m\u00f6jlighet att betala arvode och fakturor via Stripe l\u00e4nk, internationell girering, SEPA girering eller med check ust\u00e4lld p\u00e5 fransk bank.<\/p>\n<p>[\/et_pb_text][\/et_pb_column][\/et_pb_row][\/et_pb_section][et_pb_section fb_built=&#8221;1&#8243; custom_padding_last_edited=&#8221;on|phone&#8221; _builder_version=&#8221;4.17.3&#8243; _module_preset=&#8221;default&#8221; background_color=&#8221;#FDC915&#8243; min_height=&#8221;211px&#8221; custom_padding=&#8221;36px||43px|||&#8221; custom_padding_tablet=&#8221;||10px||false|false&#8221; custom_padding_phone=&#8221;||10px||false|false&#8221; global_colors_info=&#8221;{}&#8221;][et_pb_row column_structure=&#8221;1_4,1_2,1_4&#8243; custom_padding_last_edited=&#8221;on|phone&#8221; _builder_version=&#8221;4.17.3&#8243; _module_preset=&#8221;default&#8221; min_height=&#8221;153px&#8221; custom_margin=&#8221;||||false|false&#8221; custom_padding=&#8221;||||false|false&#8221; custom_padding_tablet=&#8221;0px||0px||false|false&#8221; custom_padding_phone=&#8221;0px||0px||false|false&#8221; global_colors_info=&#8221;{}&#8221;][et_pb_column type=&#8221;1_4&#8243; _builder_version=&#8221;4.17.1&#8243; _module_preset=&#8221;default&#8221; global_colors_info=&#8221;{}&#8221;][\/et_pb_column][et_pb_column type=&#8221;1_2&#8243; _builder_version=&#8221;4.17.1&#8243; _module_preset=&#8221;default&#8221; global_colors_info=&#8221;{}&#8221;][et_pb_text _builder_version=&#8221;4.17.4&#8243; _dynamic_attributes=&#8221;link_option_url&#8221; _module_preset=&#8221;default&#8221; text_text_color=&#8221;#000000&#8243; text_font_size=&#8221;21px&#8221; background_color=&#8221;#FFFFFF&#8221; width=&#8221;80%&#8221; module_alignment=&#8221;center&#8221; custom_margin=&#8221;||16px|||&#8221; custom_padding=&#8221;15px||15px||true|false&#8221; link_option_url=&#8221;@ET-DC@eyJkeW5hbWljIjp0cnVlLCJjb250ZW50IjoicG9zdF9saW5rX3VybF9wYWdlIiwic2V0dGluZ3MiOnsicG9zdF9pZCI6IjEzNTAifX0=@&#8221; border_radii=&#8221;on|50px|50px|50px|50px&#8221; border_width_all=&#8221;4px&#8221; border_color_all=&#8221;#5965AD&#8221; box_shadow_style=&#8221;preset3&#8243; box_shadow_vertical=&#8221;10px&#8221; box_shadow_blur=&#8221;10px&#8221; global_colors_info=&#8221;{}&#8221; transform_styles__hover_enabled=&#8221;on|hover&#8221; transform_scale__hover_enabled=&#8221;on|hover&#8221; transform_translate__hover_enabled=&#8221;on|desktop&#8221; transform_rotate__hover_enabled=&#8221;on|desktop&#8221; transform_skew__hover_enabled=&#8221;on|desktop&#8221; transform_origin__hover_enabled=&#8221;on|desktop&#8221; transform_scale__hover=&#8221;107%|107%&#8221;]<\/p>\n<p style=\"text-align: center;\">Kontakta oss<\/p>\n<p>[\/et_pb_text][\/et_pb_column][et_pb_column type=&#8221;1_4&#8243; _builder_version=&#8221;4.17.1&#8243; _module_preset=&#8221;default&#8221; global_colors_info=&#8221;{}&#8221;][\/et_pb_column][\/et_pb_row][\/et_pb_section]<\/p>\n","protected":false},"excerpt":{"rendered":"<p>Svenska f\u00f6retag Vi \u00e4r er franska aff\u00e4rspartner f\u00f6r optimering av er verksamhet och aktivitet, era franska partnerskap och andra innovativa projekt\u00d6nskar dustarta ett f\u00f6retag eller en filial i Frankrike och v\u00e4lja b\u00e4sta bolagsform med k\u00e4nnedom om g\u00e4llande regler ?Beh\u00f6ver niutveckla, ut\u00f6ka verksamheten till franska kunder och s\u00e4kerst\u00e4lla kontrakt, avtal, villkor, legal opinion, MOU etc ?Vill [&hellip;]<\/p>\n","protected":false},"author":1,"featured_media":0,"parent":0,"menu_order":0,"comment_status":"closed","ping_status":"closed","template":"","meta":{"_et_pb_use_builder":"on","_et_pb_old_content":"","_et_gb_content_width":"","footnotes":""},"class_list":["post-6937","page","type-page","status-publish","hentry"],"_links":{"self":[{"href":"https:\/\/projectone.fr\/sv\/wp-json\/wp\/v2\/pages\/6937","targetHints":{"allow":["GET"]}}],"collection":[{"href":"https:\/\/projectone.fr\/sv\/wp-json\/wp\/v2\/pages"}],"about":[{"href":"https:\/\/projectone.fr\/sv\/wp-json\/wp\/v2\/types\/page"}],"author":[{"embeddable":true,"href":"https:\/\/projectone.fr\/sv\/wp-json\/wp\/v2\/users\/1"}],"replies":[{"embeddable":true,"href":"https:\/\/projectone.fr\/sv\/wp-json\/wp\/v2\/comments?post=6937"}],"version-history":[{"count":0,"href":"https:\/\/projectone.fr\/sv\/wp-json\/wp\/v2\/pages\/6937\/revisions"}],"wp:attachment":[{"href":"https:\/\/projectone.fr\/sv\/wp-json\/wp\/v2\/media?parent=6937"}],"curies":[{"name":"wp","href":"https:\/\/api.w.org\/{rel}","templated":true}]}}