{"id":6948,"date":"2018-02-16T15:00:27","date_gmt":"2018-02-16T14:00:27","guid":{"rendered":"https:\/\/projectone.fr\/?page_id=6948"},"modified":"2022-07-02T15:34:52","modified_gmt":"2022-07-02T13:34:52","slug":"fransk-advokat-maklar-garantier","status":"publish","type":"page","link":"https:\/\/projectone.fr\/sv\/fransk-advokat-maklar-garantier\/","title":{"rendered":"Franska Advokat och M\u00e4klar garantier"},"content":{"rendered":"\n[et_pb_section fb_built=&#8221;1&#8243; _builder_version=&#8221;4.17.3&#8243; _module_preset=&#8221;default&#8221; background_color=&#8221;#FDC915&#8243; background_enable_image=&#8221;off&#8221; background_size=&#8221;contain&#8221; background_position=&#8221;center_right&#8221; background_horizontal_offset=&#8221;0%&#8221; custom_padding=&#8221;0px||0px||false|false&#8221; bottom_divider_height=&#8221;42px&#8221; bottom_divider_flip=&#8221;vertical&#8221; global_colors_info=&#8221;{}&#8221;][et_pb_row column_structure=&#8221;1_4,1_4,1_2&#8243; use_custom_gutter=&#8221;on&#8221; gutter_width=&#8221;1&#8243; make_equal=&#8221;on&#8221; _builder_version=&#8221;4.17.3&#8243; _module_preset=&#8221;default&#8221; width=&#8221;100%&#8221; max_width=&#8221;100%&#8221; custom_margin=&#8221;||||false|false&#8221; custom_padding=&#8221;50px||50px||true|false&#8221; global_colors_info=&#8221;{}&#8221;][et_pb_column type=&#8221;1_4&#8243; module_class=&#8221;centrer-verticalement&#8221; _builder_version=&#8221;4.17.3&#8243; _module_preset=&#8221;default&#8221; background_color=&#8221;#FDC915&#8243; background_enable_image=&#8221;off&#8221; background_size=&#8221;contain&#8221; background_position=&#8221;top_left&#8221; custom_padding=&#8221;|30px||30px|false|true&#8221; border_color_right=&#8221;#FFFFFF&#8221; global_colors_info=&#8221;{}&#8221;][et_pb_image src=&#8221;https:\/\/projectone.fr\/wp-content\/uploads\/2022\/05\/logo-sara-bystrom-177.png&#8221; title_text=&#8221;logo-sara-bystrom-177&#8243; url=&#8221;@ET-DC@eyJkeW5hbWljIjp0cnVlLCJjb250ZW50IjoicG9zdF9saW5rX3VybF9wYWdlIiwic2V0dGluZ3MiOnsicG9zdF9pZCI6IjIzIn19@&#8221; align=&#8221;center&#8221; _builder_version=&#8221;4.17.4&#8243; _dynamic_attributes=&#8221;url&#8221; _module_preset=&#8221;default&#8221; width_tablet=&#8221;&#8221; width_phone=&#8221;&#8221; width_last_edited=&#8221;on|desktop&#8221; global_colors_info=&#8221;{}&#8221;][\/et_pb_image][\/et_pb_column][et_pb_column type=&#8221;1_4&#8243; module_class=&#8221;centrer-verticalement&#8221; _builder_version=&#8221;4.17.3&#8243; _module_preset=&#8221;default&#8221; background_color=&#8221;#FDC915&#8243; custom_padding=&#8221;|0px||0px|false|true&#8221; border_color_right=&#8221;#FFFFFF&#8221; global_colors_info=&#8221;{}&#8221;][et_pb_text _builder_version=&#8221;4.17.4&#8243; _module_preset=&#8221;default&#8221; header_font=&#8221;||||||||&#8221; header_font_size=&#8221;33px&#8221; header_3_font_size=&#8221;30px&#8221; header_3_line_height=&#8221;1.3em&#8221; custom_padding_tablet=&#8221;3vh||3vh|0px|false|false&#8221; custom_padding_phone=&#8221;3vh|3vh|3vh|3vh|true|true&#8221; custom_padding_last_edited=&#8221;on|desktop&#8221; global_colors_info=&#8221;{}&#8221;]<h3 style=\"text-align: left;\">Franska advokat och advokat m\u00e4klar garantier<\/h3>\n<p>V\u00e5r dubbla starka garanti i allt vi f\u00f6retar oss garanterar dig trygghet, s\u00e4kerhet och lugna stunder i alla v\u00e4der<\/p>[\/et_pb_text][\/et_pb_column][et_pb_column type=&#8221;1_2&#8243; module_class=&#8221;centrer-verticalement&#8221; _builder_version=&#8221;4.17.3&#8243; _module_preset=&#8221;default&#8221; custom_padding=&#8221;|30px||30px|false|true&#8221; custom_padding_tablet=&#8221;|30px||30px|false|true&#8221; custom_padding_phone=&#8221;|30px||30px|false|true&#8221; custom_padding_last_edited=&#8221;on|phone&#8221; border_color_right=&#8221;#FFFFFF&#8221; global_colors_info=&#8221;{}&#8221;][et_pb_image src=&#8221;https:\/\/projectone.fr\/wp-content\/uploads\/2022\/06\/garantie-avocat.jpg&#8221; title_text=&#8221;garantie-avocat&#8221; _builder_version=&#8221;4.17.4&#8243; _module_preset=&#8221;default&#8221; width=&#8221;91.7%&#8221; border_radii=&#8221;on|25px|25px|25px|25px&#8221; box_shadow_style=&#8221;preset1&#8243; global_colors_info=&#8221;{}&#8221; custom_padding__hover_enabled=&#8221;off|desktop&#8221;][\/et_pb_image][\/et_pb_column][\/et_pb_row][\/et_pb_section][et_pb_section fb_built=&#8221;1&#8243; admin_label=&#8221;section&#8221; _builder_version=&#8221;4.16&#8243; min_height=&#8221;2423px&#8221; custom_margin=&#8221;||0px|||&#8221; custom_padding=&#8221;81px||0px|||&#8221; global_colors_info=&#8221;{}&#8221;][et_pb_row _builder_version=&#8221;4.17.4&#8243; _module_preset=&#8221;default&#8221; min_height=&#8221;54.6px&#8221; custom_margin=&#8221;-35px|auto|5px|auto||&#8221; custom_padding=&#8221;|1px|0px|||&#8221; border_radii=&#8221;on|50px|50px|50px|50px&#8221; border_width_all=&#8221;1px&#8221; border_color_all=&#8221;#FDC915&#8243; global_colors_info=&#8221;{}&#8221;][et_pb_column type=&#8221;4_4&#8243; _builder_version=&#8221;4.17.4&#8243; _module_preset=&#8221;default&#8221; global_colors_info=&#8221;{}&#8221;][et_pb_text _builder_version=&#8221;4.17.4&#8243; _module_preset=&#8221;default&#8221; min_height=&#8221;127.6px&#8221; custom_margin=&#8221;-44px||-9px|||&#8221; custom_padding=&#8221;27px||5px|||&#8221; global_colors_info=&#8221;{}&#8221;]<h2 style=\"text-align: center;\"><\/h2>\n<h2 style=\"text-align: center;\">Varf\u00f6r kontakta en advokat = en edsvuren jurist ?<\/h2>\n<h2 style=\"text-align: center;\"><em>F\u00f6r att en advokat hj\u00e4lper dig att s\u00e4kerst\u00e4lla din situation och ger dig trygghet s<span>\u00e5<\/span> du kan se framtiden an i lugn och ro <\/em><em>!<\/em><em><strong><\/strong><\/em><\/h2>\n<p><em><\/em><\/p>\n<p><em><\/em><\/p>\n<h4><\/h4>[\/et_pb_text][\/et_pb_column][\/et_pb_row][et_pb_row column_structure=&#8221;1_3,1_3,1_3&#8243; use_custom_gutter=&#8221;on&#8221; gutter_width=&#8221;1&#8243; make_equal=&#8221;on&#8221; _builder_version=&#8221;4.17.3&#8243; _module_preset=&#8221;default&#8221; min_height=&#8221;217.2px&#8221; custom_margin=&#8221;30px|auto|30px|auto|true|&#8221; custom_padding=&#8221;44px||27px|||&#8221; global_colors_info=&#8221;{}&#8221;][et_pb_column type=&#8221;1_3&#8243; _builder_version=&#8221;4.17.3&#8243; _module_preset=&#8221;default&#8221; custom_padding=&#8221;|20px||20px|false|true&#8221; border_width_right=&#8221;1px&#8221; border_width_right_tablet=&#8221;0px&#8221; border_width_right_phone=&#8221;0px&#8221; border_width_right_last_edited=&#8221;on|desktop&#8221; global_colors_info=&#8221;{}&#8221;][et_pb_icon font_icon=&#8221;&#xe064;||fa||900&#8243; icon_color=&#8221;#5965AD&#8221; icon_width=&#8221;60px&#8221; _builder_version=&#8221;4.17.3&#8243; _module_preset=&#8221;default&#8221; custom_padding=&#8221;||25px|||&#8221; global_colors_info=&#8221;{}&#8221;][\/et_pb_icon][et_pb_text _builder_version=&#8221;4.17.4&#8243; _module_preset=&#8221;default&#8221; text_font=&#8221;Montserrat|600|||||||&#8221; text_font_size=&#8221;23px&#8221; text_line_height=&#8221;1.4em&#8221; custom_padding=&#8221;34px|||||&#8221; custom_padding_tablet=&#8221;0px||||false|false&#8221; custom_padding_phone=&#8221;0px||||false|false&#8221; custom_padding_last_edited=&#8221;on|tablet&#8221; global_colors_info=&#8221;{}&#8221;]<p style=\"text-align: center;\"><strong>Saras kulturella f\u00f6rst\u00e5else<\/strong><\/p>[\/et_pb_text][et_pb_text _builder_version=&#8221;4.17.4&#8243; _module_preset=&#8221;default&#8221; global_colors_info=&#8221;{}&#8221;]<p style=\"text-align: center;\">Svensk \u2013 Fransk \u2013 Amerikansk ; f\u00f6r maximalt agerande i alla l\u00e4gen, vilken \u00e4n situationen \u00e4r optimerar vi l\u00f6sningar genom v\u00e5r 360\u00b0 f\u00f6rest\u00e5else<\/p>[\/et_pb_text][\/et_pb_column][et_pb_column type=&#8221;1_3&#8243; _builder_version=&#8221;4.17.3&#8243; _module_preset=&#8221;default&#8221; custom_padding=&#8221;|20px||20px|false|true&#8221; custom_padding_tablet=&#8221;40px||||false|true&#8221; custom_padding_phone=&#8221;40px||||false|true&#8221; custom_padding_last_edited=&#8221;on|phone&#8221; border_width_right=&#8221;1px&#8221; border_width_right_tablet=&#8221;0px&#8221; border_width_right_phone=&#8221;0px&#8221; border_width_right_last_edited=&#8221;on|desktop&#8221; global_colors_info=&#8221;{}&#8221;][et_pb_icon font_icon=&#8221;&#xf002;||fa||900&#8243; icon_color=&#8221;#5965AD&#8221; icon_width=&#8221;60px&#8221; _builder_version=&#8221;4.17.4&#8243; _module_preset=&#8221;default&#8221; custom_padding=&#8221;||25px|||&#8221; locked=&#8221;off&#8221; global_colors_info=&#8221;{}&#8221;][\/et_pb_icon][et_pb_text _builder_version=&#8221;4.17.4&#8243; _module_preset=&#8221;default&#8221; text_font=&#8221;Montserrat|600|||||||&#8221; text_font_size=&#8221;23px&#8221; text_line_height=&#8221;1.4em&#8221; custom_padding=&#8221;34px|||||&#8221; custom_padding_tablet=&#8221;0px||||false|false&#8221; custom_padding_phone=&#8221;0px||||false|false&#8221; custom_padding_last_edited=&#8221;on|tablet&#8221; global_colors_info=&#8221;{}&#8221;]<p style=\"text-align: center;\"><strong>Saras juridiska expertis<\/strong><\/p>[\/et_pb_text][et_pb_text _builder_version=&#8221;4.17.4&#8243; _module_preset=&#8221;default&#8221; global_colors_info=&#8221;{}&#8221;]<p style=\"text-align: center;\">och l\u00e5nga erfarenhet betryggar din r\u00e4ttsliga, ekonomiska och administrativa situation i Frankrike.<\/p>[\/et_pb_text][\/et_pb_column][et_pb_column type=&#8221;1_3&#8243; _builder_version=&#8221;4.17.1&#8243; _module_preset=&#8221;default&#8221; custom_padding=&#8221;|20px||20px|false|true&#8221; custom_padding_tablet=&#8221;40px||||false|true&#8221; custom_padding_phone=&#8221;40px||||false|true&#8221; custom_padding_last_edited=&#8221;on|phone&#8221; border_width_right=&#8221;1px&#8221; border_width_right_tablet=&#8221;0px&#8221; border_width_right_phone=&#8221;0px&#8221; border_width_right_last_edited=&#8221;on|desktop&#8221; global_colors_info=&#8221;{}&#8221;][et_pb_icon font_icon=&#8221;&#xf568;||fa||900&#8243; icon_color=&#8221;#5965AD&#8221; icon_width=&#8221;60px&#8221; _builder_version=&#8221;4.17.3&#8243; _module_preset=&#8221;default&#8221; custom_padding=&#8221;||25px|||&#8221; global_colors_info=&#8221;{}&#8221;][\/et_pb_icon][et_pb_text _builder_version=&#8221;4.17.4&#8243; _module_preset=&#8221;default&#8221; text_font=&#8221;Montserrat|600|||||||&#8221; text_font_size=&#8221;23px&#8221; text_line_height=&#8221;1.4em&#8221; custom_padding=&#8221;34px|||||&#8221; custom_padding_tablet=&#8221;0px||||false|false&#8221; custom_padding_phone=&#8221;0px||||false|false&#8221; custom_padding_last_edited=&#8221;on|tablet&#8221; global_colors_info=&#8221;{}&#8221;]<p style=\"text-align: center;\"><strong>Saras 360 graders &#8221;Allt i ett&#8221; l\u00f6sningar<\/strong><\/p>[\/et_pb_text][et_pb_text _builder_version=&#8221;4.17.4&#8243; _module_preset=&#8221;default&#8221; global_colors_info=&#8221;{}&#8221;]<p style=\"text-align: center;\">V\u00e5r &#8221;One stop shop&#8221; ger full s\u00e4kerhet och kontroll med oss och v\u00e5rt n\u00e4tverk av partners.<\/p>[\/et_pb_text][\/et_pb_column][\/et_pb_row][et_pb_row admin_label=&#8221;row&#8221; _builder_version=&#8221;4.17.4&#8243; background_size=&#8221;initial&#8221; background_position=&#8221;top_left&#8221; background_repeat=&#8221;repeat&#8221; hover_enabled=&#8221;0&#8243; border_radii=&#8221;on|50px|50px|50px|50px&#8221; border_width_all=&#8221;3px&#8221; border_color_all=&#8221;#5965AD&#8221; global_colors_info=&#8221;{}&#8221; sticky_enabled=&#8221;0&#8243;][et_pb_column type=&#8221;4_4&#8243; _builder_version=&#8221;4.17.4&#8243; custom_padding=&#8221;|||&#8221; hover_enabled=&#8221;0&#8243; global_colors_info=&#8221;{}&#8221; custom_padding__hover=&#8221;|||&#8221; sticky_enabled=&#8221;0&#8243;][et_pb_text admin_label=&#8221;Text&#8221; _builder_version=&#8221;4.17.4&#8243; background_size=&#8221;initial&#8221; background_position=&#8221;top_left&#8221; background_repeat=&#8221;repeat&#8221; hover_enabled=&#8221;0&#8243; global_colors_info=&#8221;{}&#8221; sticky_enabled=&#8221;0&#8243; custom_padding=&#8221;20px|20px|20px|20px|false|false&#8221;]<p style=\"text-align: center;\">\u21d2 F\u00f6r att s\u00e4kra situationen med en klar strategi.<\/p>\n<p style=\"text-align: center;\">\u21d2 F\u00f6r att optimera och begr\u00e4nsa juridiska, finansiella och skattem\u00e4ssiga risker.<\/p>\n<p style=\"text-align: center;\">\u21d2 F\u00f6r att \u00e5terst\u00e4lla trygghet och f\u00f6rtroende samt en lugn s\u00f6mn.<\/p>\n<p style=\"text-align: center;\">\u21d2 F\u00f6r analys och r\u00e5d som bygger p\u00e5 garanterad och uppdaterad information.<\/p>\n<p style=\"text-align: center;\">\u21d2 F\u00f6r att f\u00e5 specifik expertis med f\u00f6rst\u00e5else f\u00f6r olika kulturer, bruk och seder.<\/p>\n<p style=\"text-align: center;\">\u21d2 F\u00f6r att \u00e5tnjuta tydliga och pedagogiska f\u00f6rklaringar p\u00e5 ett gemensamt spr\u00e5k.<\/p>\n<p style=\"text-align: center;\">\u21d2 F\u00f6r att nyttja v\u00e5r erfarenhet av specifika franska branscher, praxis, speciella begr\u00e4nsningar, m\u00f6jligheter.<\/p>\n<p style=\"text-align: center;\"><em><\/em><\/p>[\/et_pb_text][\/et_pb_column][\/et_pb_row][et_pb_row _builder_version=&#8221;4.17.4&#8243; _module_preset=&#8221;default&#8221; global_colors_info=&#8221;{}&#8221;][et_pb_column type=&#8221;4_4&#8243; _builder_version=&#8221;4.17.4&#8243; _module_preset=&#8221;default&#8221; global_colors_info=&#8221;{}&#8221;][et_pb_text _builder_version=&#8221;4.17.4&#8243; _module_preset=&#8221;default&#8221; text_text_color=&#8221;#5965AD&#8221; header_text_color=&#8221;#5965AD&#8221; min_height=&#8221;71.6px&#8221; custom_margin=&#8221;84px||19px|||&#8221; custom_padding=&#8221;15px|||||&#8221; border_radii=&#8221;on|50px|50px|50px|50px&#8221; border_width_all=&#8221;1px&#8221; border_color_all=&#8221;#FDC915&#8243; global_colors_info=&#8221;{}&#8221;]<h2 style=\"text-align: center;\"><em><strong>Advokatens klienter \u00e5tnjuter full garanti.<\/strong><\/em><\/h2>\n<p><em><strong><\/strong><\/em><\/p>\n<h2 style=\"text-align: center;\"><em><strong>Yrkesansvarsf\u00f6rs\u00e4kring g\u00e4ller vid all r\u00e5dgivning, bitr\u00e4de, bist\u00e5nd, mandat, fullmakt och representation !<\/strong><\/em><\/h2>\n<p><em><strong><\/strong><\/em><\/p>[\/et_pb_text][\/et_pb_column][\/et_pb_row][et_pb_row column_structure=&#8221;1_2,1_2&#8243; use_custom_gutter=&#8221;on&#8221; gutter_width=&#8221;4&#8243; make_equal=&#8221;on&#8221; _builder_version=&#8221;4.17.4&#8243; _module_preset=&#8221;default&#8221; min_height=&#8221;532.4px&#8221; custom_margin=&#8221;26px|auto|24px|auto||&#8221; custom_padding=&#8221;7px|||||&#8221; global_colors_info=&#8221;{}&#8221;][et_pb_column type=&#8221;1_2&#8243; _builder_version=&#8221;4.17.4&#8243; _module_preset=&#8221;default&#8221; background_color=&#8221;#FDC915&#8243; custom_padding=&#8221;3vh|3vh|3vh|3vh|true|true&#8221; border_radii=&#8221;on|50px|50px|50px|50px&#8221; border_width_all=&#8221;1px&#8221; border_color_all=&#8221;#FDC915&#8243; border_color_right=&#8221;#FDC915&#8243; box_shadow_style=&#8221;preset1&#8243; global_colors_info=&#8221;{}&#8221;][et_pb_text _builder_version=&#8221;4.17.4&#8243; _module_preset=&#8221;default&#8221; custom_margin=&#8221;||16px|||&#8221; border_width_bottom=&#8221;1px&#8221; border_color_bottom=&#8221;#FDC915&#8243; global_colors_info=&#8221;{}&#8221;]<h3 style=\"text-align: center;\"><span style=\"text-decoration: underline;\">Fransk Advokat &#8211; M\u00e4klar garanti<\/span><\/h3>[\/et_pb_text][et_pb_text _builder_version=&#8221;4.17.4&#8243; _module_preset=&#8221;default&#8221; min_height=&#8221;394.9px&#8221; custom_padding=&#8221;0px||1px|||&#8221; global_colors_info=&#8221;{}&#8221;]<p style=\"text-align: center;\"><em>En ansvarsf\u00f6rs\u00e4kring t\u00e4cker (&#8230;) all verksamhet som advokaten har f\u00e5tt tillst\u00e5nd till (&#8230;).<\/em><\/p>\n<p style=\"text-align: center;\">I sin verksamhet som ombud vid fastighetstransaktioner \u00e4r advokaten skyldig att respektera de grundl\u00e4ggande principerna f\u00f6r sitt yrke och reglerna om intressekonflikter ; hen\/hon\/han f\u00e5r endast agera f\u00f6r en av parterna och f\u00e5r endast arvode fr\u00e5n denna part.<\/p>\n<p style=\"text-align: center;\">Advokaten ska f\u00f6lja alla interna reglerna och f\u00f6rhandlingsreglerna.<\/p>\n<p align=\"center\" style=\"text-align: center;\"><span id=\"article103\"><span class=\"annotparis\">(\u00a7 P.6.3.1 du <\/span>R\u00e8glement Int\u00e9rieur du Barreau de Paris &#8211; RIBP)<\/span><o:p><\/o:p><\/p>[\/et_pb_text][\/et_pb_column][et_pb_column type=&#8221;1_2&#8243; _builder_version=&#8221;4.17.4&#8243; _module_preset=&#8221;default&#8221; background_color=&#8221;#FDC915&#8243; custom_padding=&#8221;3vh|3vh|3vh|3vh|true|true&#8221; border_radii=&#8221;on|50px|50px|50px|50px&#8221; border_width_all=&#8221;1px&#8221; border_color_all=&#8221;#FDC915&#8243; border_color_right=&#8221;#FDC915&#8243; box_shadow_style=&#8221;preset1&#8243; global_colors_info=&#8221;{}&#8221;][et_pb_text _builder_version=&#8221;4.17.4&#8243; _module_preset=&#8221;default&#8221; text_text_color=&#8221;#FDC915&#8243; link_text_color=&#8221;#FDC915&#8243; header_text_color=&#8221;#FDC915&#8243; custom_margin=&#8221;||15px|||&#8221; border_width_bottom=&#8221;1px&#8221; border_color_bottom=&#8221;#FDC915&#8243; global_colors_info=&#8221;{}&#8221;]<h3 style=\"text-align: center;\"><span style=\"text-decoration: underline;\">Fransk Advokat garanti<\/span><\/h3>[\/et_pb_text][et_pb_text _builder_version=&#8221;4.17.4&#8243; _module_preset=&#8221;default&#8221; min_height=&#8221;21.9px&#8221; custom_padding=&#8221;0px||5px|||&#8221; global_colors_info=&#8221;{}&#8221;]<p style=\"text-align: center;\"><em>En ansvarsf\u00f6rs\u00e4kring t\u00e4cker (&#8230;) all verksamhet som advokaten har f\u00e5tt tillst\u00e5nd till (&#8230;)<\/em><\/p>\n<p style=\"text-align: center;\">Yrkesansvarsf\u00f6rs\u00e4kringen g\u00e4ller f\u00f6r varje r\u00e5d, konsultation, hj\u00e4lp, mandat, representation advokaten ger !<\/p>\n<p style=\"text-align: center;\">Tv\u00e5 f\u00f6rs\u00e4kringar ligger till grund f\u00f6r<br \/>garantierna :<br \/>&#8211; den som garanterar hens\/hennes\/hans yrkesm\u00e4ssiga civilr\u00e4ttsliga ansvar,<br \/>&#8211; den andra garanterar f\u00f6rvaltningen av de pengar som hen\/hon\/han anf\u00f6rtrotts i samband med ut\u00f6vandet av sitt yrke.<\/p>\n<p align=\"center\" style=\"text-align: center;\">(\u00a7 27 de la loi du 31 d\u00e9cembre 1971).<o:p><\/o:p><\/p>[\/et_pb_text][\/et_pb_column][\/et_pb_row][et_pb_row _builder_version=&#8221;4.17.4&#8243; _module_preset=&#8221;default&#8221; global_colors_info=&#8221;{}&#8221;][et_pb_column type=&#8221;4_4&#8243; _builder_version=&#8221;4.17.4&#8243; _module_preset=&#8221;default&#8221; global_colors_info=&#8221;{}&#8221;][et_pb_text _builder_version=&#8221;4.17.4&#8243; _module_preset=&#8221;default&#8221; global_colors_info=&#8221;{}&#8221;]<h2 style=\"text-align: center;\"><\/h2>\n<h2 style=\"text-align: left;\">Advokaten \u00e4r en edsvuren och kontrollerad expert du kan lita p\u00e5 !<\/h2>[\/et_pb_text][\/et_pb_column][\/et_pb_row][et_pb_row admin_label=&#8221;row&#8221; _builder_version=&#8221;4.17.4&#8243; background_size=&#8221;initial&#8221; background_position=&#8221;top_left&#8221; background_repeat=&#8221;repeat&#8221; min_height=&#8221;355.3px&#8221; custom_margin=&#8221;-24px|auto|16px|auto||&#8221; custom_padding=&#8221;15px||0px|||&#8221; border_radii=&#8221;on|50px|50px|50px|50px&#8221; global_colors_info=&#8221;{}&#8221;][et_pb_column type=&#8221;4_4&#8243; _builder_version=&#8221;4.16&#8243; custom_padding=&#8221;|||&#8221; global_colors_info=&#8221;{}&#8221; custom_padding__hover=&#8221;|||&#8221;][et_pb_text admin_label=&#8221;Text&#8221; _builder_version=&#8221;4.17.4&#8243; background_size=&#8221;initial&#8221; background_position=&#8221;top_left&#8221; background_repeat=&#8221;repeat&#8221; global_colors_info=&#8221;{}&#8221;]<p>&nbsp;<\/p>\n<p>\u2666 Advokatyrket \u00e4r strikt reglerat f\u00f6r att skydda klienterna.<br \/>\u2666 En advokat sv\u00e4r ed vid en regional hovr\u00e4tt men kan arbeta var som helst i Frankrike.<br \/>\u2666 Fortbildning \u00e4r obligatorisk f\u00f6r att komplettera kunskaperna.<br \/>\u2666 En strikt etisk kod reglerar advokaternas verksamhet i Frankrike varav tystnadsplikt och sekretess t ex.<br \/>Det nationella interna regelverket och den etiska koden \u00e4r bindande f\u00f6r alla franska advokater. De v\u00e4gleds i varje enskilt fall av principer som oberoende och samvetsgrannhet bl a. <a href=\"https:\/\/www.cnb.avocat.fr\/fr\/reglement-interieur-national-de-la-profession-davocat-rin#\">Mer info h\u00e4r (franska)<\/a><br \/>\u2666 Den franska etiska koden f\u00f6r europeiska advokater kompletterar reglerna n\u00e4r flera advokater fr\u00e5n EU \u00e4r n\u00e4rvarande. <a href=\"https:\/\/www.ccbe.eu\/fileadmin\/speciality_distribution\/public\/documents\/DEONTOLOGY\/DEON_CoC\/FR_DEON_CoC.pdf\">Mer info h\u00e4r (franska)<\/a><\/p>\n<p style=\"text-align: center;\"><em>&#8221;Advokater \u00e4r effektivare n\u00e4r det g\u00e4ller att informera, ge r\u00e5d och f\u00f6rsvara dig, de ger garanti, tillf\u00f6rlitlighet och r\u00e4ttss\u00e4kerhet, konfidentialitet och etik. Att anlita en advokat \u00e4r det b\u00e4sta s\u00e4ttet att garantera dina r\u00e4ttigheter.&#8221;<\/em><\/p>[\/et_pb_text][\/et_pb_column][\/et_pb_row][\/et_pb_section][et_pb_section fb_built=&#8221;1&#8243; custom_padding_last_edited=&#8221;on|phone&#8221; _builder_version=&#8221;4.17.3&#8243; _module_preset=&#8221;default&#8221; background_color=&#8221;#FDC915&#8243; min_height=&#8221;255px&#8221; custom_margin=&#8221;5px|||||&#8221; custom_padding=&#8221;55px||43px|||&#8221; custom_padding_tablet=&#8221;||10px||false|false&#8221; custom_padding_phone=&#8221;||10px||false|false&#8221; global_colors_info=&#8221;{}&#8221;][et_pb_row column_structure=&#8221;1_4,1_2,1_4&#8243; custom_padding_last_edited=&#8221;on|phone&#8221; _builder_version=&#8221;4.17.3&#8243; _module_preset=&#8221;default&#8221; custom_margin=&#8221;||||false|false&#8221; custom_padding=&#8221;||||false|false&#8221; custom_padding_tablet=&#8221;0px||0px||false|false&#8221; custom_padding_phone=&#8221;0px||0px||false|false&#8221; global_colors_info=&#8221;{}&#8221;][et_pb_column type=&#8221;1_4&#8243; _builder_version=&#8221;4.17.1&#8243; _module_preset=&#8221;default&#8221; global_colors_info=&#8221;{}&#8221;][\/et_pb_column][et_pb_column type=&#8221;1_2&#8243; _builder_version=&#8221;4.17.1&#8243; _module_preset=&#8221;default&#8221; global_colors_info=&#8221;{}&#8221;][et_pb_text _builder_version=&#8221;4.17.4&#8243; _dynamic_attributes=&#8221;link_option_url&#8221; _module_preset=&#8221;default&#8221; text_text_color=&#8221;#000000&#8243; text_font_size=&#8221;21px&#8221; background_color=&#8221;#FFFFFF&#8221; width=&#8221;80%&#8221; module_alignment=&#8221;center&#8221; custom_margin=&#8221;||16px|||&#8221; custom_padding=&#8221;15px||15px||true|false&#8221; link_option_url=&#8221;@ET-DC@eyJkeW5hbWljIjp0cnVlLCJjb250ZW50IjoicG9zdF9saW5rX3VybF9wYWdlIiwic2V0dGluZ3MiOnsicG9zdF9pZCI6IjEzNTAifX0=@&#8221; border_radii=&#8221;on|50px|50px|50px|50px&#8221; border_width_all=&#8221;4px&#8221; border_color_all=&#8221;#5965AD&#8221; box_shadow_style=&#8221;preset3&#8243; box_shadow_vertical=&#8221;10px&#8221; box_shadow_blur=&#8221;10px&#8221; global_colors_info=&#8221;{}&#8221; transform_styles__hover_enabled=&#8221;on|hover&#8221; transform_scale__hover_enabled=&#8221;on|hover&#8221; transform_translate__hover_enabled=&#8221;on|desktop&#8221; transform_rotate__hover_enabled=&#8221;on|desktop&#8221; transform_skew__hover_enabled=&#8221;on|desktop&#8221; transform_origin__hover_enabled=&#8221;on|desktop&#8221; transform_scale__hover=&#8221;107%|107%&#8221;]<p style=\"text-align: center;\">Kontakta oss<\/p>[\/et_pb_text][\/et_pb_column][et_pb_column type=&#8221;1_4&#8243; _builder_version=&#8221;4.17.1&#8243; _module_preset=&#8221;default&#8221; global_colors_info=&#8221;{}&#8221;][\/et_pb_column][\/et_pb_row][\/et_pb_section]\n","protected":false},"excerpt":{"rendered":"<p>Franska advokat och advokat m\u00e4klar garantier V\u00e5r dubbla starka garanti i allt vi f\u00f6retar oss garanterar dig trygghet, s\u00e4kerhet och lugna stunder i alla v\u00e4der Varf\u00f6r kontakta en advokat = en edsvuren jurist ? F\u00f6r att en advokat hj\u00e4lper dig att s\u00e4kerst\u00e4lla din situation och ger dig trygghet s\u00e5 du kan se framtiden an i [&hellip;]<\/p>\n","protected":false},"author":1,"featured_media":0,"parent":0,"menu_order":0,"comment_status":"closed","ping_status":"closed","template":"","meta":{"_et_pb_use_builder":"on","_et_pb_old_content":"","_et_gb_content_width":"","footnotes":""},"class_list":["post-6948","page","type-page","status-publish","hentry"],"_links":{"self":[{"href":"https:\/\/projectone.fr\/sv\/wp-json\/wp\/v2\/pages\/6948","targetHints":{"allow":["GET"]}}],"collection":[{"href":"https:\/\/projectone.fr\/sv\/wp-json\/wp\/v2\/pages"}],"about":[{"href":"https:\/\/projectone.fr\/sv\/wp-json\/wp\/v2\/types\/page"}],"author":[{"embeddable":true,"href":"https:\/\/projectone.fr\/sv\/wp-json\/wp\/v2\/users\/1"}],"replies":[{"embeddable":true,"href":"https:\/\/projectone.fr\/sv\/wp-json\/wp\/v2\/comments?post=6948"}],"version-history":[{"count":0,"href":"https:\/\/projectone.fr\/sv\/wp-json\/wp\/v2\/pages\/6948\/revisions"}],"wp:attachment":[{"href":"https:\/\/projectone.fr\/sv\/wp-json\/wp\/v2\/media?parent=6948"}],"curies":[{"name":"wp","href":"https:\/\/api.w.org\/{rel}","templated":true}]}}