{"id":6951,"date":"2016-02-01T11:20:14","date_gmt":"2016-02-01T10:20:14","guid":{"rendered":"https:\/\/projectone.fr\/?page_id=6951"},"modified":"2023-03-18T16:30:57","modified_gmt":"2023-03-18T15:30:57","slug":"professionnels-de-la-photo-sv","status":"publish","type":"page","link":"https:\/\/projectone.fr\/sv\/professionnels-de-la-photo-sv\/","title":{"rendered":"Fotografer, bild- och reklambyr\u00e5er"},"content":{"rendered":"<p>[et_pb_section fb_built=&#8221;1&#8243; _builder_version=&#8221;4.20.2&#8243; _module_preset=&#8221;default&#8221; background_color=&#8221;#5965AD&#8221; background_enable_image=&#8221;off&#8221; background_size=&#8221;contain&#8221; background_position=&#8221;center_right&#8221; background_horizontal_offset=&#8221;0%&#8221; custom_padding=&#8221;0px||0px||false|false&#8221; bottom_divider_height=&#8221;42px&#8221; bottom_divider_flip=&#8221;vertical&#8221; hover_enabled=&#8221;0&#8243; global_colors_info=&#8221;{}&#8221; sticky_enabled=&#8221;0&#8243;][et_pb_row column_structure=&#8221;1_4,1_4,1_2&#8243; use_custom_gutter=&#8221;on&#8221; gutter_width=&#8221;1&#8243; make_equal=&#8221;on&#8221; _builder_version=&#8221;4.20.2&#8243; _module_preset=&#8221;default&#8221; width=&#8221;100%&#8221; max_width=&#8221;100%&#8221; custom_margin=&#8221;||||false|false&#8221; custom_padding=&#8221;50px||50px||true|false&#8221; hover_enabled=&#8221;0&#8243; global_colors_info=&#8221;{}&#8221; sticky_enabled=&#8221;0&#8243;][et_pb_column type=&#8221;1_4&#8243; module_class=&#8221;centrer-verticalement&#8221; _builder_version=&#8221;4.20.2&#8243; _module_preset=&#8221;default&#8221; background_color=&#8221;#5965AD&#8221; background_enable_image=&#8221;off&#8221; background_size=&#8221;contain&#8221; background_position=&#8221;top_left&#8221; custom_padding=&#8221;|30px||30px|false|true&#8221; hover_enabled=&#8221;0&#8243; border_color_right=&#8221;#FFFFFF&#8221; global_colors_info=&#8221;{}&#8221; sticky_enabled=&#8221;0&#8243;][et_pb_image src=&#8221;https:\/\/projectone.fr\/wp-content\/uploads\/2022\/05\/logo-sara-bystrom-177.png&#8221; title_text=&#8221;logo-sara-bystrom-177&#8243; url=&#8221;@ET-DC@eyJkeW5hbWljIjp0cnVlLCJjb250ZW50IjoicG9zdF9saW5rX3VybF9wYWdlIiwic2V0dGluZ3MiOnsicG9zdF9pZCI6IjIzIn19@&#8221; align=&#8221;center&#8221; _builder_version=&#8221;4.17.4&#8243; _dynamic_attributes=&#8221;url&#8221; _module_preset=&#8221;default&#8221; width_tablet=&#8221;&#8221; width_phone=&#8221;&#8221; width_last_edited=&#8221;on|desktop&#8221; global_colors_info=&#8221;{}&#8221;][\/et_pb_image][\/et_pb_column][et_pb_column type=&#8221;1_4&#8243; module_class=&#8221;centrer-verticalement&#8221; _builder_version=&#8221;4.20.2&#8243; _module_preset=&#8221;default&#8221; background_color=&#8221;#5965AD&#8221; custom_padding=&#8221;|0px||0px|false|true&#8221; hover_enabled=&#8221;0&#8243; border_color_right=&#8221;#FFFFFF&#8221; global_colors_info=&#8221;{}&#8221; sticky_enabled=&#8221;0&#8243;][et_pb_text _builder_version=&#8221;4.19.1&#8243; _module_preset=&#8221;default&#8221; header_font=&#8221;||||||||&#8221; header_font_size=&#8221;33px&#8221; header_3_font_size=&#8221;30px&#8221; header_3_line_height=&#8221;1.3em&#8221; custom_padding_tablet=&#8221;3vh||3vh|0px|false|false&#8221; custom_padding_phone=&#8221;3vh|3vh|3vh|3vh|true|true&#8221; custom_padding_last_edited=&#8221;on|desktop&#8221; global_colors_info=&#8221;{}&#8221;]<\/p>\n<h3 style=\"text-align: left;\"><strong>Fotografer, bild- och reklambyr\u00e5er<\/strong><\/h3>\n<p>K\u00e4nn dig trygg i din verksamhet med foto &amp; bild ! Produktion, arkiv, distribution, avtal m.m&#8230; Hos oss \u00e4r du som hemma !<\/p>\n<p>[\/et_pb_text][\/et_pb_column][et_pb_column type=&#8221;1_2&#8243; module_class=&#8221;centrer-verticalement&#8221; _builder_version=&#8221;4.17.3&#8243; _module_preset=&#8221;default&#8221; custom_padding=&#8221;|30px||30px|false|true&#8221; custom_padding_tablet=&#8221;|30px||30px|false|true&#8221; custom_padding_phone=&#8221;|30px||30px|false|true&#8221; custom_padding_last_edited=&#8221;on|phone&#8221; border_color_right=&#8221;#FFFFFF&#8221; global_colors_info=&#8221;{}&#8221;][et_pb_image src=&#8221;https:\/\/projectone.fr\/wp-content\/uploads\/2022\/05\/professionnels-photo.jpg&#8221; title_text=&#8221;professionnels-photo&#8221; _builder_version=&#8221;4.17.4&#8243; _module_preset=&#8221;default&#8221; width=&#8221;91.7%&#8221; border_radii=&#8221;on|25px|25px|25px|25px&#8221; box_shadow_style=&#8221;preset1&#8243; global_colors_info=&#8221;{}&#8221; custom_padding__hover_enabled=&#8221;off|desktop&#8221;][\/et_pb_image][\/et_pb_column][\/et_pb_row][\/et_pb_section][et_pb_section fb_built=&#8221;1&#8243; theme_builder_area=&#8221;post_content&#8221; _builder_version=&#8221;4.20.2&#8243; _module_preset=&#8221;default&#8221; custom_padding=&#8221;||18px|||&#8221;][et_pb_row _builder_version=&#8221;4.20.2&#8243; _module_preset=&#8221;default&#8221; theme_builder_area=&#8221;post_content&#8221;][et_pb_column _builder_version=&#8221;4.20.2&#8243; _module_preset=&#8221;default&#8221; type=&#8221;4_4&#8243; theme_builder_area=&#8221;post_content&#8221;][et_pb_text _builder_version=&#8221;4.20.2&#8243; _module_preset=&#8221;default&#8221; theme_builder_area=&#8221;post_content&#8221; hover_enabled=&#8221;0&#8243; sticky_enabled=&#8221;0&#8243;]<\/p>\n<h3>Fotografer, bild- och reklambyr\u00e5er m.m.<\/h3>\n<p>V\u00e5r passion f\u00f6r foto, bild och kommunikation har sina r\u00f6tter i Sara Bystr\u00f6m ursprung inom bildkonsten vilken uttrycks varje dag sedan mer \u00e4n 30 \u00e5r i Frankrike och internationellt inom bildr\u00e4tt, bildarkiv, upphovsr\u00e4tt m.m. digitala processer och distribution. V\u00e5ra 10 \u00e5r som inhouse Legal counsel p\u00e5 en av de st\u00f6rsta byr\u00e5erna i Frankrike, USA och i v\u00e4rlden, g\u00f6r oss till ert s\u00e4kraste fransk svenska kort inom dessa sektorer\u00a0 !<\/p>\n<p>[\/et_pb_text][\/et_pb_column][\/et_pb_row][\/et_pb_section][et_pb_section fb_built=&#8221;1&#8243; _builder_version=&#8221;4.17.1&#8243; _module_preset=&#8221;default&#8221; min_height=&#8221;540.9px&#8221; global_colors_info=&#8221;{}&#8221;][et_pb_row column_structure=&#8221;1_4,1_4,1_4,1_4&#8243; _builder_version=&#8221;4.17.1&#8243; _module_preset=&#8221;default&#8221; border_width_bottom=&#8221;1px&#8221; border_color_bottom=&#8221;#FDC915&#8243; global_colors_info=&#8221;{}&#8221;][et_pb_column type=&#8221;1_4&#8243; _builder_version=&#8221;4.17.1&#8243; _module_preset=&#8221;default&#8221; global_colors_info=&#8221;{}&#8221;][et_pb_text _builder_version=&#8221;4.18.0&#8243; _module_preset=&#8221;default&#8221; global_colors_info=&#8221;{}&#8221;]<\/p>\n<p><strong><span style=\"color: #fdc915;\">Har du<\/span><\/strong><br \/>uppt\u00e4ckt en otill\u00e5ten anv\u00e4ndning i Frankrike av en bild, ett foto eller en illustration som du har r\u00e4ttigheter till och vill g\u00e5 vidare och beg\u00e4ra skadest\u00e5nd ?<\/p>\n<p>[\/et_pb_text][\/et_pb_column][et_pb_column type=&#8221;1_4&#8243; _builder_version=&#8221;4.17.1&#8243; _module_preset=&#8221;default&#8221; global_colors_info=&#8221;{}&#8221;][et_pb_text _builder_version=&#8221;4.18.0&#8243; _module_preset=&#8221;default&#8221; global_colors_info=&#8221;{}&#8221;]<\/p>\n<p><strong><span style=\"color: #fdc915;\">Vill du<\/span><\/strong><br \/>bli trygg med franska bild och foto r\u00e4ttigheter, integritet, publicitet och andra risker i foton och bilder ?<\/p>\n<p>[\/et_pb_text][\/et_pb_column][et_pb_column type=&#8221;1_4&#8243; _builder_version=&#8221;4.17.1&#8243; _module_preset=&#8221;default&#8221; global_colors_info=&#8221;{}&#8221;][et_pb_text _builder_version=&#8221;4.18.0&#8243; _module_preset=&#8221;default&#8221; global_colors_info=&#8221;{}&#8221;]<\/p>\n<p><strong><span style=\"color: #fdc915;\">Vill du<\/span><\/strong><br \/>veta vilka r\u00e4ttigheter som fotografer och bitr\u00e4dande fotografer har i Frankrike och hur de kan genomdriva dem ?<\/p>\n<p>[\/et_pb_text][\/et_pb_column][et_pb_column type=&#8221;1_4&#8243; _builder_version=&#8221;4.17.1&#8243; _module_preset=&#8221;default&#8221; global_colors_info=&#8221;{}&#8221;][et_pb_text _builder_version=&#8221;4.18.0&#8243; _module_preset=&#8221;default&#8221; global_colors_info=&#8221;{}&#8221;]<\/p>\n<p><strong><span style=\"color: #fdc915;\">T\u00e4nker du<\/span><\/strong><br \/>att det kan vara bra att s\u00e4kerst\u00e4lla att dina fakturor, avtal och offerter g\u00e4llande Frankrike respekterar alla regler ?<\/p>\n<p>[\/et_pb_text][\/et_pb_column][\/et_pb_row][et_pb_row column_structure=&#8221;1_4,1_4,1_4,1_4&#8243; _builder_version=&#8221;4.17.1&#8243; _module_preset=&#8221;default&#8221; border_color_bottom=&#8221;#FDC915&#8243; global_colors_info=&#8221;{}&#8221;][et_pb_column type=&#8221;1_4&#8243; _builder_version=&#8221;4.17.1&#8243; _module_preset=&#8221;default&#8221; global_colors_info=&#8221;{}&#8221;][et_pb_text _builder_version=&#8221;4.18.0&#8243; _module_preset=&#8221;default&#8221; global_colors_info=&#8221;{}&#8221;]<\/p>\n<p><strong><span style=\"color: #fdc915;\">Vill du<\/span><\/strong><br \/>f\u00f6rst\u00e5 franska regler om credit, upphovsr\u00e4tt och viktig information n\u00e4r du anv\u00e4nder,\u00a0 laddar ner eller upp ett foto, en bild eller logga ?<\/p>\n<p>[\/et_pb_text][\/et_pb_column][et_pb_column type=&#8221;1_4&#8243; _builder_version=&#8221;4.17.1&#8243; _module_preset=&#8221;default&#8221; global_colors_info=&#8221;{}&#8221;][et_pb_text _builder_version=&#8221;4.18.0&#8243; _module_preset=&#8221;default&#8221; global_colors_info=&#8221;{}&#8221;]<\/p>\n<p><strong><span style=\"color: #fdc915;\">\u00c4r du<\/span><\/strong><br \/>os\u00e4ker p\u00e5 vilka risker du tar n\u00e4r du publicerar eller anv\u00e4nder en bild, foto, logga som har fransk anknytning ? <\/p>\n<p>[\/et_pb_text][\/et_pb_column][et_pb_column type=&#8221;1_4&#8243; _builder_version=&#8221;4.17.1&#8243; _module_preset=&#8221;default&#8221; global_colors_info=&#8221;{}&#8221;][et_pb_text _builder_version=&#8221;4.18.0&#8243; _module_preset=&#8221;default&#8221; global_colors_info=&#8221;{}&#8221;]<\/p>\n<p><strong><span style=\"color: #fdc915;\">Planerar du<\/span><\/strong><br \/>att skriva en modellrelease, property release, samproduktion eller annat dokument du anv\u00e4nder f\u00f6r projekt i Frankrike ?<\/p>\n<p>[\/et_pb_text][\/et_pb_column][et_pb_column type=&#8221;1_4&#8243; _builder_version=&#8221;4.17.1&#8243; _module_preset=&#8221;default&#8221; global_colors_info=&#8221;{}&#8221;][et_pb_text _builder_version=&#8221;4.18.0&#8243; _module_preset=&#8221;default&#8221; global_colors_info=&#8221;{}&#8221;]<\/p>\n<p><strong><span style=\"color: #fdc915;\">S\u00f6ker du<\/span><\/strong><br \/>trygghet f\u00f6r ett projekt som inkluderar franskt inneh\u00e5ll, franska referenser eller har anknytning till Frankrike ?<\/p>\n<p>[\/et_pb_text][\/et_pb_column][\/et_pb_row][et_pb_row column_structure=&#8221;1_3,1_3,1_3&#8243; _builder_version=&#8221;4.17.4&#8243; _module_preset=&#8221;default&#8221; global_colors_info=&#8221;{}&#8221;][et_pb_column type=&#8221;1_3&#8243; _builder_version=&#8221;4.17.4&#8243; _module_preset=&#8221;default&#8221; global_colors_info=&#8221;{}&#8221;][\/et_pb_column][et_pb_column type=&#8221;1_3&#8243; _builder_version=&#8221;4.17.4&#8243; _module_preset=&#8221;default&#8221; global_colors_info=&#8221;{}&#8221;][et_pb_text disabled_on=&#8221;off|off|off&#8221; _builder_version=&#8221;4.17.4&#8243; _module_preset=&#8221;default&#8221; text_text_color=&#8221;#000000&#8243; text_font_size=&#8221;21px&#8221; background_color=&#8221;#FFFFFF&#8221; custom_margin=&#8221;||16px|||&#8221; custom_padding=&#8221;15px||15px||true|false&#8221; link_option_url=&#8221;https:\/\/projectone.fr\/sv\/kontakt\/&#8221; border_radii=&#8221;on|50px|50px|50px|50px&#8221; border_width_all=&#8221;4px&#8221; border_color_all=&#8221;#FDC915&#8243; box_shadow_style=&#8221;preset3&#8243; box_shadow_vertical=&#8221;10px&#8221; box_shadow_blur=&#8221;10px&#8221; global_colors_info=&#8221;{}&#8221; transform_styles__hover_enabled=&#8221;on|hover&#8221; transform_scale__hover=&#8221;107%|107%&#8221; transform_scale__hover_enabled=&#8221;on|hover&#8221; transform_translate__hover_enabled=&#8221;on|desktop&#8221; transform_rotate__hover_enabled=&#8221;on|desktop&#8221; transform_skew__hover_enabled=&#8221;on|desktop&#8221; transform_origin__hover_enabled=&#8221;on|desktop&#8221;]<\/p>\n<p style=\"text-align: center;\"><strong>Kontakta oss<\/strong><\/p>\n<p>[\/et_pb_text][\/et_pb_column][et_pb_column type=&#8221;1_3&#8243; _builder_version=&#8221;4.17.4&#8243; _module_preset=&#8221;default&#8221; global_colors_info=&#8221;{}&#8221;][\/et_pb_column][\/et_pb_row][\/et_pb_section][et_pb_section fb_built=&#8221;1&#8243; _builder_version=&#8221;4.17.1&#8243; _module_preset=&#8221;default&#8221; background_color=&#8221;#e7e6e6&#8243; min_height=&#8221;584.3px&#8221; custom_margin=&#8221;||-48px|||&#8221; custom_padding=&#8221;34px||33px|||&#8221; global_colors_info=&#8221;{}&#8221;][et_pb_row column_structure=&#8221;1_3,1_3,1_3&#8243; use_custom_gutter=&#8221;on&#8221; gutter_width=&#8221;1&#8243; make_equal=&#8221;on&#8221; _builder_version=&#8221;4.17.4&#8243; _module_preset=&#8221;default&#8221; custom_margin=&#8221;41px|auto||auto||&#8221; border_radii=&#8221;on|50px|50px|50px|50px&#8221; border_width_all=&#8221;1px&#8221; border_color_all=&#8221;#DE4245&#8243; box_shadow_style=&#8221;preset1&#8243; box_shadow_blur=&#8221;21px&#8221; box_shadow_spread=&#8221;-10px&#8221; box_shadow_color=&#8221;#5965AD&#8221; global_colors_info=&#8221;{}&#8221;][et_pb_column type=&#8221;1_3&#8243; _builder_version=&#8221;4.17.3&#8243; _module_preset=&#8221;default&#8221; custom_padding=&#8221;|20px||20px|false|true&#8221; border_width_right=&#8221;1px&#8221; border_width_right_tablet=&#8221;0px&#8221; border_width_right_phone=&#8221;0px&#8221; border_width_right_last_edited=&#8221;on|desktop&#8221; global_colors_info=&#8221;{}&#8221;][et_pb_icon font_icon=&#8221;&#xe064;||fa||900&#8243; icon_color=&#8221;#5965AD&#8221; icon_width=&#8221;60px&#8221; _builder_version=&#8221;4.17.4&#8243; _module_preset=&#8221;default&#8221; custom_padding=&#8221;||25px|||&#8221; global_colors_info=&#8221;{}&#8221;][\/et_pb_icon][et_pb_text _builder_version=&#8221;4.18.0&#8243; _module_preset=&#8221;default&#8221; text_font=&#8221;Montserrat|600|||||||&#8221; text_font_size=&#8221;23px&#8221; text_line_height=&#8221;1.4em&#8221; custom_padding=&#8221;34px|||||&#8221; custom_padding_tablet=&#8221;0px||||false|false&#8221; custom_padding_phone=&#8221;0px||||false|false&#8221; custom_padding_last_edited=&#8221;on|tablet&#8221; global_colors_info=&#8221;{}&#8221;]<\/p>\n<p style=\"text-align: center;\">Foto bransch expertis och erfarenhet sedan 30 \u00e5r<\/p>\n<p>[\/et_pb_text][et_pb_text _builder_version=&#8221;4.18.0&#8243; _module_preset=&#8221;default&#8221; global_colors_info=&#8221;{}&#8221;]<\/p>\n<p style=\"text-align: center;\">f\u00f6r att alla aspekter ska tas in under hela v\u00e4gen f\u00f6r full trygghet<\/p>\n<p>[\/et_pb_text][\/et_pb_column][et_pb_column type=&#8221;1_3&#8243; _builder_version=&#8221;4.17.3&#8243; _module_preset=&#8221;default&#8221; custom_padding=&#8221;|20px||20px|false|true&#8221; custom_padding_tablet=&#8221;40px||||false|true&#8221; custom_padding_phone=&#8221;40px||||false|true&#8221; custom_padding_last_edited=&#8221;on|phone&#8221; border_width_right=&#8221;1px&#8221; border_width_right_tablet=&#8221;0px&#8221; border_width_right_phone=&#8221;0px&#8221; border_width_right_last_edited=&#8221;on|desktop&#8221; global_colors_info=&#8221;{}&#8221;][et_pb_icon font_icon=&#8221;&#xf002;||fa||900&#8243; icon_color=&#8221;#5965AD&#8221; icon_width=&#8221;60px&#8221; _builder_version=&#8221;4.17.4&#8243; _module_preset=&#8221;default&#8221; custom_padding=&#8221;||25px|||&#8221; global_colors_info=&#8221;{}&#8221;][\/et_pb_icon][et_pb_text _builder_version=&#8221;4.18.0&#8243; _module_preset=&#8221;default&#8221; text_font=&#8221;Montserrat|600|||||||&#8221; text_font_size=&#8221;23px&#8221; text_line_height=&#8221;1.4em&#8221; custom_padding=&#8221;34px|||||&#8221; custom_padding_tablet=&#8221;0px||||false|false&#8221; custom_padding_phone=&#8221;0px||||false|false&#8221; custom_padding_last_edited=&#8221;on|tablet&#8221; global_colors_info=&#8221;{}&#8221;]<\/p>\n<p style=\"text-align: center;\"><strong>Foto, bild och juridik : v\u00e5r specialkompetens<\/strong><\/p>\n<p>[\/et_pb_text][et_pb_text _builder_version=&#8221;4.18.0&#8243; _module_preset=&#8221;default&#8221; global_colors_info=&#8221;{}&#8221;]<\/p>\n<p style=\"text-align: center;\">s\u00e4kerst\u00e4ller att ert projekt i Frankrike har all chans till succ\u00e9<\/p>\n<p>[\/et_pb_text][\/et_pb_column][et_pb_column type=&#8221;1_3&#8243; _builder_version=&#8221;4.17.1&#8243; _module_preset=&#8221;default&#8221; custom_padding=&#8221;|20px||20px|false|true&#8221; custom_padding_tablet=&#8221;40px||||false|true&#8221; custom_padding_phone=&#8221;40px||||false|true&#8221; custom_padding_last_edited=&#8221;on|phone&#8221; border_width_right=&#8221;1px&#8221; border_width_right_tablet=&#8221;0px&#8221; border_width_right_phone=&#8221;0px&#8221; border_width_right_last_edited=&#8221;on|desktop&#8221; global_colors_info=&#8221;{}&#8221;][et_pb_icon font_icon=&#8221;&#xf568;||fa||900&#8243; icon_color=&#8221;#5965AD&#8221; icon_width=&#8221;60px&#8221; _builder_version=&#8221;4.17.4&#8243; _module_preset=&#8221;default&#8221; custom_padding=&#8221;||25px|||&#8221; global_colors_info=&#8221;{}&#8221;][\/et_pb_icon][et_pb_text _builder_version=&#8221;4.18.0&#8243; _module_preset=&#8221;default&#8221; text_font=&#8221;Montserrat|600|||||||&#8221; text_font_size=&#8221;23px&#8221; text_line_height=&#8221;1.4em&#8221; custom_padding=&#8221;34px|||||&#8221; custom_padding_tablet=&#8221;0px||||false|false&#8221; custom_padding_phone=&#8221;0px||||false|false&#8221; custom_padding_last_edited=&#8221;on|tablet&#8221; global_colors_info=&#8221;{}&#8221;]<\/p>\n<p style=\"text-align: center;\">360\u00b0 f\u00f6rst\u00e5else &#8211; one stop shop<\/p>\n<p>[\/et_pb_text][et_pb_text _builder_version=&#8221;4.18.0&#8243; _module_preset=&#8221;default&#8221; global_colors_info=&#8221;{}&#8221;]<\/p>\n<p style=\"text-align: center;\">ger tryggare erfarenhet i Frankrike<\/p>\n<p>[\/et_pb_text][\/et_pb_column][\/et_pb_row][\/et_pb_section][et_pb_section fb_built=&#8221;1&#8243; _builder_version=&#8221;4.19.0&#8243; _module_preset=&#8221;default&#8221; custom_margin=&#8221;||||false|false&#8221; custom_padding=&#8221;0px||4px|||&#8221; global_colors_info=&#8221;{}&#8221;][et_pb_row column_structure=&#8221;1_2,1_2&#8243; use_custom_gutter=&#8221;on&#8221; gutter_width=&#8221;4&#8243; make_equal=&#8221;on&#8221; _builder_version=&#8221;4.17.4&#8243; _module_preset=&#8221;default&#8221; min_height=&#8221;663.3px&#8221; custom_margin=&#8221;0px|auto||auto||&#8221; custom_padding=&#8221;||16px|||&#8221; global_colors_info=&#8221;{}&#8221;][et_pb_column type=&#8221;1_2&#8243; _builder_version=&#8221;4.17.4&#8243; _module_preset=&#8221;default&#8221; custom_padding=&#8221;3vh|3vh|3vh|3vh|true|true&#8221; border_radii=&#8221;on|50px|50px|50px|50px&#8221; border_width_all=&#8221;5px&#8221; border_color_all=&#8221;#FDC915&#8243; border_color_right=&#8221;#FDC915&#8243; box_shadow_style=&#8221;preset1&#8243; global_colors_info=&#8221;{}&#8221;][et_pb_text _builder_version=&#8221;4.17.1&#8243; _module_preset=&#8221;default&#8221; custom_margin=&#8221;||26px|||&#8221; border_width_bottom=&#8221;1px&#8221; border_color_bottom=&#8221;#FDC915&#8243; global_colors_info=&#8221;{}&#8221;]<\/p>\n<h3 style=\"text-align: center;\">A la carte<\/h3>\n<p>[\/et_pb_text][et_pb_text _builder_version=&#8221;4.18.0&#8243; _module_preset=&#8221;default&#8221; global_colors_info=&#8221;{}&#8221;]<\/p>\n<p style=\"text-align: left;\">&#8211; Juridisk analys av foton, bilder, annonser och projekt<br \/>&#8211; Skr\u00e4ddarsyr licensavtal, uppdragsavtal, modellrelease etc<br \/>&#8211; R\u00e5dgiver i f\u00f6rvaltning av upphovsr\u00e4tt i Frankrike<br \/>&#8211; R\u00e5dgivning om f\u00f6rvaltning av upphovsr\u00e4tt i Frankrike<br \/>&#8211; F\u00f6retr\u00e4der i franska intr\u00e5ng och driver processer i fransk domstol<br \/>&#8211; F\u00f6rhandling i foto, bild, modell och producent projekt<br \/>&#8211; Branschanpassad strategi f\u00f6r registrering och upphovsr\u00e4ttsligt skydd i Frankrike<br \/>&#8211; R\u00e5dgivning aff\u00e4rsutveckling i Frankrike inom foto, bild och reklam<br \/>&#8211; Representation gentemot utgivare, distribut\u00f6r, f\u00f6rlag, byr\u00e5 eller f\u00f6retag<br \/>&#8211; Riskhantering av franskt foto \/ bild projekt<br \/>&#8211; Anpassad fransk strategi f\u00f6r bildbyr\u00e5<br \/>&#8211; Administrativa och skatteaspekter p\u00e5 fotografisk verksamhet i Frankrike<\/p>\n<p>[\/et_pb_text][\/et_pb_column][et_pb_column type=&#8221;1_2&#8243; _builder_version=&#8221;4.17.4&#8243; _module_preset=&#8221;default&#8221; custom_padding=&#8221;3vh|3vh|3vh|3vh|true|true&#8221; border_radii=&#8221;on|50px|50px|50px|50px&#8221; border_width_all=&#8221;4px&#8221; border_color_all=&#8221;#FDC915&#8243; border_color_right=&#8221;#FDC915&#8243; box_shadow_style=&#8221;preset1&#8243; global_colors_info=&#8221;{}&#8221;][et_pb_text _builder_version=&#8221;4.17.1&#8243; _module_preset=&#8221;default&#8221; custom_margin=&#8221;||26px|||&#8221; border_width_bottom=&#8221;1px&#8221; border_color_bottom=&#8221;#FDC915&#8243; global_colors_info=&#8221;{}&#8221;]<\/p>\n<h3 style=\"text-align: center;\">I den dagliga verksamheten<\/h3>\n<p>[\/et_pb_text][et_pb_text _builder_version=&#8221;4.18.0&#8243; _module_preset=&#8221;default&#8221; global_colors_info=&#8221;{}&#8221;]<\/p>\n<p style=\"text-align: left;\">&#8211; Vilka \u00e4r mina r\u00e4ttigheter som fotograf i Frankrike ?<br \/>&#8211; Skyddar det franska licensavtalet, uppdraget eller avtalet jag ska skriva p\u00e5 mina r\u00e4ttigheter ?<br \/>&#8211; Vad betyder creden DR, droits r\u00e9serv\u00e9s, som anv\u00e4nds i Frankrike och \u00e4r den laglig ?<br \/>&#8211; Vilka \u00e4r mina ideella r\u00e4ttigheter i Frankrike ?<br \/>&#8211; F\u00e5r jag anv\u00e4nda fotot jag hittade p\u00e5 n\u00e4tet i mitt franska aff\u00e4rsprojekt ?<br \/>&#8211; \u00c4r v\u00e5ra villkor, T&amp;C, CGV, CGU och policies anpassade f\u00f6r Frankrike ?\u200b<br \/>&#8211; Hur hanterar jag fr\u00e5gan om till\u00e4mplig lag i ett avtal, tillst\u00e5nd eller godk\u00e4nnande med fransk partner ?<br \/>&#8211; Kan jag avbryta ett franskt uppdrag som jag har b\u00f6rjat arbeta p\u00e5 ?<br \/>&#8211; M\u00e5ste den franska partnern informera om anv\u00e4ndningen av min bild ?<br \/>&#8211; Hur vet jag om uppdragsgivaren i Frankrike respekterar mina r\u00e4ttigheter ?<br \/>&#8211; Vilka r\u00e4ttigheter kan finnas i ett franskt foto eller en bild ?<\/p>\n<p>[\/et_pb_text][\/et_pb_column][\/et_pb_row][et_pb_row column_structure=&#8221;1_2,1_2&#8243; use_custom_gutter=&#8221;on&#8221; gutter_width=&#8221;4&#8243; make_equal=&#8221;on&#8221; _builder_version=&#8221;4.17.4&#8243; _module_preset=&#8221;default&#8221; min_height=&#8221;702.3px&#8221; custom_padding=&#8221;||21px|||&#8221; global_colors_info=&#8221;{}&#8221;][et_pb_column type=&#8221;1_2&#8243; _builder_version=&#8221;4.17.4&#8243; _module_preset=&#8221;default&#8221; custom_padding=&#8221;3vh|3vh|3vh|3vh|true|true&#8221; border_radii=&#8221;on|50px|50px|50px|50px&#8221; border_width_all=&#8221;4px&#8221; border_color_all=&#8221;#FDC915&#8243; border_color_right=&#8221;#FDC915&#8243; box_shadow_style=&#8221;preset1&#8243; global_colors_info=&#8221;{}&#8221;][et_pb_text _builder_version=&#8221;4.18.0&#8243; _module_preset=&#8221;default&#8221; custom_margin=&#8221;||26px|||&#8221; border_width_bottom=&#8221;1px&#8221; border_color_bottom=&#8221;#FDC915&#8243; global_colors_info=&#8221;{}&#8221;]<\/p>\n<h3 style=\"text-align: center;\">Akut<\/h3>\n<p>[\/et_pb_text][et_pb_text _builder_version=&#8221;4.18.0&#8243; _module_preset=&#8221;default&#8221; custom_padding=&#8221;||0px|||&#8221; global_colors_info=&#8221;{}&#8221;]<\/p>\n<p style=\"text-align: left;\">&#8211; N\u00e5gon har gjort intr\u00e5ng p\u00e5 n\u00e4tet p\u00e5 mina r\u00e4ttigheter och anv\u00e4nt min bild utan att fr\u00e5ga<br \/>&#8211; Jag har fortfarande inte f\u00e5tt mina royalties av min franska distribut\u00f6r<br \/>&#8211; Jag vill ha tillbaka mina foton och materiel fr\u00e5n min franska partner<br \/>&#8211; Mitt namn anv\u00e4nds i Frankrike med en bild som inte \u00e4r min<br \/>&#8211; Jag \u00e4r fotograf i Frankrike men vet inte exakt hur jag ska fakturera<br \/>&#8211; Jag m\u00e5ste omedelbart skriva p\u00e5 ett franskt avtal men tvekar<br \/>&#8211; Jag vill g\u00e5 till fransk domstol f\u00f6r ett foto av mig som publicerats<br \/>&#8211; Modellen som jag arbetat med ber mig sluta anv\u00e4nda bilden i Frankrike<br \/>&#8211; Min franska webbplats har attackerats och alla bilder har laddats ner<br \/>&#8211; \u00a0V\u00e5r bildleverant\u00f6r har kallats till fransk domstol ?<\/p>\n<p>[\/et_pb_text][\/et_pb_column][et_pb_column type=&#8221;1_2&#8243; _builder_version=&#8221;4.17.4&#8243; _module_preset=&#8221;default&#8221; background_color=&#8221;#FDC915&#8243; custom_padding=&#8221;3vh|3vh|3vh|3vh|true|true&#8221; border_radii=&#8221;on|50px|50px|50px|50px&#8221; border_width_all=&#8221;4px&#8221; border_color_all=&#8221;#5965AD&#8221; box_shadow_style=&#8221;preset1&#8243; global_colors_info=&#8221;{}&#8221;][et_pb_text _builder_version=&#8221;4.18.0&#8243; _module_preset=&#8221;default&#8221; custom_margin=&#8221;||26px|||&#8221; border_width_bottom=&#8221;1px&#8221; border_color_bottom=&#8221;#FFFFFF&#8221; global_colors_info=&#8221;{}&#8221;]<\/p>\n<h3 style=\"text-align: center;\">Med ursprung konsten och foto<\/h3>\n<p>[\/et_pb_text][et_pb_text _builder_version=&#8221;4.18.0&#8243; _module_preset=&#8221;default&#8221; global_colors_info=&#8221;{}&#8221;]<\/p>\n<p>F\u00f6rsta specialiserade Inhouse legal counsel i en av de tre st\u00f6rsta franska och internationella bildbyr\u00e5erna &#8211; senare uppk\u00f6pt av Bill Gates \u2013 i mer \u00e4n tio \u00e5r samt med b\u00f6rjan som bilddokumentalist och senare bildupphovsr\u00e4tts expert \u00e4r Sara Bystr\u00f6m mycket stolt \u00f6ver sitt unika merv\u00e4rde !<\/p>\n<p>Sara \u00e4r f\u00f6dd inom bildkonsten och kommer fr\u00e5n en l\u00e5ng sl\u00e4kt av svenska m\u00e5lare och bildkonstn\u00e4rer i flera generationer.<\/p>\n<p>Saras intima tillh\u00f6righet i branschen ger, ut\u00f6ver hennes specifika juridiska kunskap och erfarenhet, ett stark l\u00e4nk till bildv\u00e4rlden som ger n\u00e4ring \u00e5t allt vi g\u00f6r f\u00f6r v\u00e5ra fotografer, bildkonstn\u00e4rer, producenter, byr\u00e5er, distribut\u00f6rer mfl oavsett om det r\u00f6r sig om foto eller bild,\u00a0 stillbild eller animation och oavsett om vintage, contemporary eller digital !<\/p>\n<p>[\/et_pb_text][\/et_pb_column][\/et_pb_row][\/et_pb_section][et_pb_section fb_built=&#8221;1&#8243; _builder_version=&#8221;4.19.0&#8243; _module_preset=&#8221;default&#8221; background_color=&#8221;#e7e6e6&#8243; custom_padding=&#8221;58px|||||&#8221; top_divider_height=&#8221;50px&#8221; top_divider_flip=&#8221;vertical&#8221; border_color_top=&#8221;#5965AD&#8221; global_colors_info=&#8221;{}&#8221;][et_pb_row _builder_version=&#8221;4.17.1&#8243; _module_preset=&#8221;default&#8221; custom_margin=&#8221;-28px|auto||auto||&#8221; global_colors_info=&#8221;{}&#8221;][et_pb_column type=&#8221;4_4&#8243; _builder_version=&#8221;4.17.1&#8243; _module_preset=&#8221;default&#8221; global_colors_info=&#8221;{}&#8221;][et_pb_text _builder_version=&#8221;4.17.4&#8243; _module_preset=&#8221;default&#8221; custom_padding=&#8221;20px||16px||false|false&#8221; box_shadow_style=&#8221;preset1&#8243; global_colors_info=&#8221;{}&#8221;]<\/p>\n<h2 style=\"text-align: center;\"><strong>Arvode\u00a0&#8211; Kostnader<\/strong><\/h2>\n<p>[\/et_pb_text][\/et_pb_column][\/et_pb_row][et_pb_row column_structure=&#8221;1_3,1_3,1_3&#8243; use_custom_gutter=&#8221;on&#8221; gutter_width=&#8221;4&#8243; _builder_version=&#8221;4.17.4&#8243; _module_preset=&#8221;default&#8221; global_colors_info=&#8221;{}&#8221;][et_pb_column type=&#8221;1_3&#8243; _builder_version=&#8221;4.17.0&#8243; _module_preset=&#8221;default&#8221; custom_padding=&#8221;|3vh||3vh|false|true&#8221; global_colors_info=&#8221;{}&#8221;][et_pb_text _builder_version=&#8221;4.17.4&#8243; _module_preset=&#8221;default&#8221; global_colors_info=&#8221;{}&#8221;]<\/p>\n<h3><strong>Svenskt f\u00f6rtroende<\/strong><br \/>in action<\/h3>\n<p>V\u00e5r svenska \u00e4rlighet och vilja till samarbete i f\u00f6rtroende, v\u00e5r klarhet och naturliga v\u00e4nlighet \u00e4r v\u00e5rt svenska DNA och k\u00e4rnv\u00e4rden vi stolt b\u00e4r f\u00f6r att g\u00f6ra samarbetet med dig s\u00e5 positivt som m\u00f6jligt.<\/p>\n<p>Vi ber\u00e4ttar exakt vad vi f\u00f6resl\u00e5r och varf\u00f6r. Vi inv\u00e4ntar alltid ditt godk\u00e4nnande innan vi agerar.<\/p>\n<h3>Klarhet och budgetering<\/h3>\n<p>Om faktureringen sker p\u00e5 timarvode faktueras endast exakt upparbetad tid dvs 10, 20, 50 minuter faktureras precist. Redovisning av upparbetad tid och \u00e5tg\u00e4rder som vidtagits tillst\u00e4lls dig automatiskt.<\/p>\n<p>Efter f\u00f6rklaring av franska reglerna vi lyder och den garanti vi som fransk advokat ger, informeras du om hur franskt advokatarvode s\u00e4tts.<\/p>\n<p>[\/et_pb_text][\/et_pb_column][et_pb_column type=&#8221;1_3&#8243; _builder_version=&#8221;4.17.0&#8243; _module_preset=&#8221;default&#8221; custom_padding=&#8221;|3vh||3vh|false|true&#8221; global_colors_info=&#8221;{}&#8221;][et_pb_text _builder_version=&#8221;4.17.4&#8243; _module_preset=&#8221;default&#8221; global_colors_info=&#8221;{}&#8221;]<\/p>\n<p>Vi beslutar tillsammans om v\u00e5rt samarbetes detaljer : arvode, externa kostnader, betalning, tidsfrister, uppdrag, information, skyldigheter mm. Ett kort klientavtal sammanst\u00e4lls och signeras av oss b\u00e5da. Varje utveckling eller f\u00f6r\u00e4ndring av uppdraget beslutas gemensamt och i skrift f\u00f6r att bevara f\u00f6rtroendet mellan oss.<\/p>\n<p>Efter v\u00e5r granskning \u00e5terkommer vi med detaljerade f\u00f6rslag p\u00e5 till \u00e5tg\u00e4rder och vi f\u00f6rklarar villkoren samt vad som kr\u00e4vs f\u00f6r att genomf\u00f6ra dem. Vi best\u00e4mmer sedan tillsammans hur ditt \u00e4rende b\u00e4st tas om hand utifr\u00e5n hur du vill g\u00e5 vidare.<\/p>\n<p>[\/et_pb_text][et_pb_text _builder_version=&#8221;4.17.4&#8243; _module_preset=&#8221;default&#8221; global_colors_info=&#8221;{}&#8221;]<\/p>\n<h3>Ett f\u00f6rsta samtal<br \/>och analys<\/h3>\n<p>F\u00f6r att b\u00e4st bist\u00e5 dig beh\u00f6vs f\u00f6rst en tydlig analys av din situation, dina fr\u00e5gor och dina behov. D\u00e4rf\u00f6r inleds v\u00e5rt samarbete med ett kort samtal per telefon, videokonferens eller ett m\u00f6te p\u00e5 byr\u00e5n.<\/p>\n<p>[\/et_pb_text][\/et_pb_column][et_pb_column type=&#8221;1_3&#8243; _builder_version=&#8221;4.17.0&#8243; _module_preset=&#8221;default&#8221; custom_padding=&#8221;|3vh||3vh|false|true&#8221; global_colors_info=&#8221;{}&#8221;][et_pb_text _builder_version=&#8221;4.17.4&#8243; _module_preset=&#8221;default&#8221; global_colors_info=&#8221;{}&#8221;]<\/p>\n<p>D\u00e4refter ber vi dig som ett f\u00f6rsta steg att tillhandah\u00e5lla oss all information och alla dokument du har.<\/p>\n<h3>Fast pris \/ abonnemang \/<br \/>timarvode<\/h3>\n<p>Faktureringen baseras efter ditt speciella \u00e4rende, fr\u00e5gas eller projekts speciella detaljer, beroende p\u00e5 vilka \u00e5tg\u00e4rder som beh\u00f6vs och tidsperspektiv samt summan som st\u00e5r p\u00e5 spel. Ofta fastst\u00e4lls arvodet i etapper, steg f\u00f6r steg och anpassas allt eftersom. I vissa fall kan fakturering ske med fast pris och i vissa fall med tidsbaserat arvode.<\/p>\n<p>Medvetna om att vissa situationer kr\u00e4ver s\u00e4rskild anpassning finns i vissa fall m\u00f6jlighet att komma \u00f6verens om abonnemang, och\/eller en procentsats p\u00e5 det belopp \u00e4rendet g\u00e4ller, t ex pengar som erh\u00e5llits till f\u00f6rm\u00e5n f\u00f6r klienten, pengar som sparats in \u00e5t klienten eller v\u00e4rde p\u00e5 fastighet.<\/p>\n<p>[\/et_pb_text][\/et_pb_column][\/et_pb_row][et_pb_row _builder_version=&#8221;4.17.4&#8243; _module_preset=&#8221;default&#8221; global_colors_info=&#8221;{}&#8221;][et_pb_column type=&#8221;4_4&#8243; _builder_version=&#8221;4.17.4&#8243; _module_preset=&#8221;default&#8221; global_colors_info=&#8221;{}&#8221;][et_pb_text _builder_version=&#8221;4.17.4&#8243; _module_preset=&#8221;default&#8221; custom_padding=&#8221;20px||16px||false|false&#8221; box_shadow_style=&#8221;preset1&#8243; global_colors_info=&#8221;{}&#8221;]<\/p>\n<h2 style=\"text-align: center;\">Betalningsm\u00f6jligheter<\/h2>\n<p>[\/et_pb_text][et_pb_text _builder_version=&#8221;4.17.4&#8243; _module_preset=&#8221;default&#8221; custom_margin=&#8221;||17px|||&#8221; global_colors_info=&#8221;{}&#8221;]<\/p>\n<p>F\u00f6r att f\u00f6renkla v\u00e5r kommunikation och optimera ditt \u00e4rende finns m\u00f6jlighet att betala arvode och fakturor via Stripe l\u00e4nk, internationell girering, SEPA girering eller med check ust\u00e4lld p\u00e5 fransk bank.<\/p>\n<p>[\/et_pb_text][\/et_pb_column][\/et_pb_row][\/et_pb_section][et_pb_section fb_built=&#8221;1&#8243; custom_padding_last_edited=&#8221;on|phone&#8221; _builder_version=&#8221;4.17.3&#8243; _module_preset=&#8221;default&#8221; background_color=&#8221;#FDC915&#8243; custom_padding=&#8221;43px||43px|||&#8221; custom_padding_tablet=&#8221;||10px||false|false&#8221; custom_padding_phone=&#8221;||10px||false|false&#8221; global_colors_info=&#8221;{}&#8221;][et_pb_row column_structure=&#8221;1_4,1_2,1_4&#8243; custom_padding_last_edited=&#8221;on|phone&#8221; _builder_version=&#8221;4.17.3&#8243; _module_preset=&#8221;default&#8221; custom_margin=&#8221;||||false|false&#8221; custom_padding=&#8221;||||false|false&#8221; custom_padding_tablet=&#8221;0px||0px||false|false&#8221; custom_padding_phone=&#8221;0px||0px||false|false&#8221; global_colors_info=&#8221;{}&#8221;][et_pb_column type=&#8221;1_4&#8243; _builder_version=&#8221;4.17.1&#8243; _module_preset=&#8221;default&#8221; global_colors_info=&#8221;{}&#8221;][\/et_pb_column][et_pb_column type=&#8221;1_2&#8243; _builder_version=&#8221;4.17.1&#8243; _module_preset=&#8221;default&#8221; global_colors_info=&#8221;{}&#8221;][et_pb_text _builder_version=&#8221;4.18.0&#8243; _dynamic_attributes=&#8221;link_option_url&#8221; _module_preset=&#8221;default&#8221; text_text_color=&#8221;#000000&#8243; text_font_size=&#8221;21px&#8221; background_color=&#8221;#FFFFFF&#8221; width=&#8221;80%&#8221; module_alignment=&#8221;center&#8221; custom_margin=&#8221;||16px|||&#8221; custom_padding=&#8221;15px||15px||true|false&#8221; link_option_url=&#8221;@ET-DC@eyJkeW5hbWljIjp0cnVlLCJjb250ZW50IjoicG9zdF9saW5rX3VybF9wYWdlIiwic2V0dGluZ3MiOnsicG9zdF9pZCI6IjEzNTAifX0=@&#8221; border_radii=&#8221;on|50px|50px|50px|50px&#8221; border_width_all=&#8221;4px&#8221; border_color_all=&#8221;#5965AD&#8221; box_shadow_style=&#8221;preset3&#8243; box_shadow_vertical=&#8221;10px&#8221; box_shadow_blur=&#8221;10px&#8221; global_colors_info=&#8221;{}&#8221; transform_styles__hover_enabled=&#8221;on|hover&#8221; transform_scale__hover_enabled=&#8221;on|hover&#8221; transform_translate__hover_enabled=&#8221;on|desktop&#8221; transform_rotate__hover_enabled=&#8221;on|desktop&#8221; transform_skew__hover_enabled=&#8221;on|desktop&#8221; transform_origin__hover_enabled=&#8221;on|desktop&#8221; transform_scale__hover=&#8221;107%|107%&#8221;]<\/p>\n<p style=\"text-align: center;\">Kontakta oss<\/p>\n<p>[\/et_pb_text][\/et_pb_column][et_pb_column type=&#8221;1_4&#8243; _builder_version=&#8221;4.17.1&#8243; _module_preset=&#8221;default&#8221; global_colors_info=&#8221;{}&#8221;][\/et_pb_column][\/et_pb_row][\/et_pb_section]<\/p>\n","protected":false},"excerpt":{"rendered":"<p>Fotografer, bild- och reklambyr\u00e5er K\u00e4nn dig trygg i din verksamhet med foto &amp; bild ! Produktion, arkiv, distribution, avtal m.m&#8230; Hos oss \u00e4r du som hemma !Fotografer, bild- och reklambyr\u00e5er m.m. V\u00e5r passion f\u00f6r foto, bild och kommunikation har sina r\u00f6tter i Sara Bystr\u00f6m ursprung inom bildkonsten vilken uttrycks varje dag sedan mer \u00e4n 30 [&hellip;]<\/p>\n","protected":false},"author":1,"featured_media":0,"parent":0,"menu_order":0,"comment_status":"closed","ping_status":"closed","template":"","meta":{"_et_pb_use_builder":"on","_et_pb_old_content":"","_et_gb_content_width":"","footnotes":""},"class_list":["post-6951","page","type-page","status-publish","hentry"],"_links":{"self":[{"href":"https:\/\/projectone.fr\/sv\/wp-json\/wp\/v2\/pages\/6951","targetHints":{"allow":["GET"]}}],"collection":[{"href":"https:\/\/projectone.fr\/sv\/wp-json\/wp\/v2\/pages"}],"about":[{"href":"https:\/\/projectone.fr\/sv\/wp-json\/wp\/v2\/types\/page"}],"author":[{"embeddable":true,"href":"https:\/\/projectone.fr\/sv\/wp-json\/wp\/v2\/users\/1"}],"replies":[{"embeddable":true,"href":"https:\/\/projectone.fr\/sv\/wp-json\/wp\/v2\/comments?post=6951"}],"version-history":[{"count":0,"href":"https:\/\/projectone.fr\/sv\/wp-json\/wp\/v2\/pages\/6951\/revisions"}],"wp:attachment":[{"href":"https:\/\/projectone.fr\/sv\/wp-json\/wp\/v2\/media?parent=6951"}],"curies":[{"name":"wp","href":"https:\/\/api.w.org\/{rel}","templated":true}]}}