{"id":7532,"date":"2018-02-13T16:53:57","date_gmt":"2018-02-13T15:53:57","guid":{"rendered":"https:\/\/projectone.fr\/legal-notice-sv\/"},"modified":"2022-11-06T16:45:19","modified_gmt":"2022-11-06T15:45:19","slug":"legal-notice-sv","status":"publish","type":"page","link":"https:\/\/projectone.fr\/sv\/legal-notice-sv\/","title":{"rendered":"Legal notice SV"},"content":{"rendered":"<p>[et_pb_section fb_built=&#8221;1&#8243; admin_label=&#8221;section&#8221; _builder_version=&#8221;4.16&#8243; locked=&#8221;off&#8221; global_colors_info=&#8221;{}&#8221;][et_pb_row column_structure=&#8221;1_3,1_3,1_3&#8243; admin_label=&#8221;row&#8221; _builder_version=&#8221;4.17.4&#8243; background_size=&#8221;initial&#8221; background_position=&#8221;top_left&#8221; background_repeat=&#8221;repeat&#8221; custom_padding=&#8221;||0px|||&#8221; global_colors_info=&#8221;{}&#8221;][et_pb_column type=&#8221;1_3&#8243; _builder_version=&#8221;4.16&#8243; custom_padding=&#8221;|||&#8221; global_colors_info=&#8221;{}&#8221; custom_padding__hover=&#8221;|||&#8221;][et_pb_text admin_label=&#8221;Text&#8221; _builder_version=&#8221;4.18.0&#8243; background_size=&#8221;initial&#8221; background_position=&#8221;top_left&#8221; background_repeat=&#8221;repeat&#8221; custom_padding=&#8221;0px|||||&#8221; hover_enabled=&#8221;0&#8243; global_colors_info=&#8221;{}&#8221; sticky_enabled=&#8221;0&#8243;]<\/p>\n<h2>Ansvarig utgivare<\/h2>\n<p>Fransk advokat Ma\u00eetre Sara Bystr\u00f6m\u00a0<\/p>\n<p>Bystr\u00f6m Avocat<br \/>Selarl au capital de 1.000 euros<br \/>Medlem av det Franska advokatsamfundet &amp; Paris advokatsamfund : Toque C1399<\/p>\n<p>4 avenue Hoche<br \/>75008 Paris FRANCE<\/p>\n<p>Telefon : +33 1 82 28 19 13 &amp; +33 6 16 45 57 75<br \/>Fax : + 33 1 82 28 19 12<br \/>Epostadress : sara.bystrom[a]bystrom-avocat.com<\/p>\n<p>Bolagsregister (RCS Paris)\u00a0 : 880 508 577 00017<br \/>VAT nummer (TVA Intracommunautaire) : FR15880508577<\/p>\n<p>Denna webbplats, som \u00e4r tillg\u00e4nglig p\u00e5 www.bystrom-avocat.com, drivs enbart i syfte att st\u00f6dja advokatbyr\u00e5n Bystr\u00f6m Law Firm och Sara Bystr\u00f6m, advokat, advokatr\u00e5d, jurist och advokat vid Paris advokatbyr\u00e5.<\/p>\n<p>Det kan inte garanteras att denna webbplats kommer att vara tillg\u00e4nglig f\u00f6r Internetanv\u00e4ndare. Vi \u00e5tar oss att g\u00f6ra v\u00e5rt b\u00e4sta f\u00f6r att s\u00e4kerst\u00e4lla kontinuerlig och oavbruten tillg\u00e4nglighet, men kan inte h\u00e5llas ansvariga om s\u00e5 inte \u00e4r fallet. Inneh\u00e5llet p\u00e5 denna webbplats, inklusive detta r\u00e4ttsliga meddelande, kommer regelbundet att uppdateras av Bystr\u00f6m Law Firm.<\/p>\n<h2>Webhosting<\/h2>\n<p>OVH<br \/>Huvudkontor :<br \/>2 rue Kellermann<br \/>59100 Roubaix &#8211; FRANCE<\/p>\n<h2>Website development<\/h2>\n<p>Julie TUSEK<br \/><a href=\"https:\/\/www.julie-tusek.com\/\">https:\/\/www.julie-tusek.com\/<\/a><\/p>\n<h2>Personuppgifter<\/h2>\n<p><strong>Cookies\u00a0<\/strong><\/p>\n<p>Den h\u00e4r webbplatsen anv\u00e4nder inte cookies eller sp\u00e5rare n\u00e4r du bes\u00f6ker v\u00e5r webbplats. Vi f\u00e5r d\u00e4rf\u00f6r ingen information om din navigering som f\u00f6rblir ok\u00e4nd f\u00f6r oss.<\/p>\n<p>&nbsp;<\/p>\n<p>&nbsp;<\/p>\n<p>[\/et_pb_text][\/et_pb_column][et_pb_column type=&#8221;1_3&#8243; _builder_version=&#8221;4.16&#8243; custom_padding=&#8221;|||&#8221; global_colors_info=&#8221;{}&#8221; custom_padding__hover=&#8221;|||&#8221;][et_pb_text _builder_version=&#8221;4.18.0&#8243; _module_preset=&#8221;default&#8221; global_colors_info=&#8221;{}&#8221;]<\/p>\n<p>F\u00f6r mer information om best\u00e4mmelserna om skydd av personuppgifter (alla element som g\u00f6r det m\u00f6jligt att identifiera dig) kan du bes\u00f6ka webbplatsen f\u00f6r den franska myndigheten f\u00f6r skydd av personuppgifter CNIL, s\u00e4rskilt p\u00e5 f\u00f6ljande l\u00e4nk: <a href=\"https:\/\/www.cnil.fr\/fr\/cookies-traceurs-que-dit-la-loi\">Cookies traceurs que dit la loi (in French)<\/a><\/p>\n<p><strong>Sekretesspolicy<\/strong><\/p>\n<p>Vi samlar endast in ditt namn och din e-postadress n\u00e4r du skickar oss kontaktformul\u00e4ret f\u00f6r att kunna \u00e5terkomma till dig. Genom att skicka detta formul\u00e4r godk\u00e4nner du att dessa uppgifter som du frivilligt har meddelat oss kommer att anv\u00e4ndas enbart f\u00f6r att svara p\u00e5 din beg\u00e4ran om kontakt. Efter en lagringsperiod p\u00e5 3 m\u00e5nader kommer dessa personuppgifter att raderas.<\/p>\n<p>Om du vill f\u00e5 dessa uppgifter \u00e4ndrade eller raderade f\u00f6re denna trem\u00e5nadersperiod, v\u00e4nligen kontakta oss med hj\u00e4lp av formul\u00e4ret nedan.<\/p>\n<p>F\u00f6r mer information om best\u00e4mmelserna om skydd av personuppgifter (alla element som g\u00f6r det m\u00f6jligt att identifiera dig) kan du bes\u00f6ka webbplatsen f\u00f6r den franska myndigheten f\u00f6r skydd av personuppgifter CNIL, s\u00e4rskilt p\u00e5 f\u00f6ljande l\u00e4nk: <a href=\"https:\/\/www.cnil.fr\/fr\/le-droit-detre-informe-sur-lutilisation-de-vos-donnees-0\">The right to be informed on the processing of your data (in French)<\/a><\/p>\n<h3>Immaterialr\u00e4ttigheter<\/h3>\n<p><strong>Immateriella r\u00e4ttigheter och r\u00e4tt till egen bild<\/strong><\/p>\n<p>Denna webbplats och allt inneh\u00e5ll (foton, logotyper, artiklar etc.) \u00e4r Bystr\u00f6m Avocats och\/eller Sara Bystr\u00f6ms exklusiva egendom och skyddas av varum\u00e4rkesr\u00e4tt, upphovsr\u00e4tt och\/eller andra immateriella r\u00e4ttigheter och\/eller tredje parts r\u00e4ttigheter (bildr\u00e4ttigheter&#8230;.) i enlighet med lagstadgade och reglerande best\u00e4mmelser.<\/p>\n<p>R\u00e4tten till reproduktion och representation samt alla r\u00e4ttigheter som r\u00f6r de olika inneh\u00e5llen p\u00e5 denna webbplats f\u00f6rbeh\u00e5lls deras \u00e4gare och innehavare, med undantag f\u00f6r f\u00f6ljande : begr\u00e4nsade undantag, t.ex. strikt privat anv\u00e4ndning endast av Internetanv\u00e4ndaren eller delvis citat av en del av texten under f\u00f6ruts\u00e4ttning att f\u00f6rfattaren, Sara Bystr\u00f6m &#8211; Bystr\u00f6m Avocat, anges, liksom k\u00e4llan dvs den exakta adressen till denna webbplats <a href=\"https:\/\/projectone.fr\">www.bystrom-avocat.com<\/a>.<\/p>\n<p>&nbsp;<\/p>\n<p>[\/et_pb_text][\/et_pb_column][et_pb_column type=&#8221;1_3&#8243; _builder_version=&#8221;4.16&#8243; custom_padding=&#8221;|||&#8221; global_colors_info=&#8221;{}&#8221; custom_padding__hover=&#8221;|||&#8221;][et_pb_text _builder_version=&#8221;4.17.4&#8243; _module_preset=&#8221;default&#8221; global_colors_info=&#8221;{}&#8221;]<\/p>\n<p>Observera att i enlighet med g\u00e4llande lagstiftning f\u00e5r ingen bild eller visuell dokumentation (foto, teckning, logotyp) anv\u00e4ndas som &#8221;citat&#8221;.<\/p>\n<p>All otill\u00e5ten anv\u00e4ndning \u00e4r d\u00e4rf\u00f6r str\u00e4ngt f\u00f6rbjuden och kommer att beivras med alla tillg\u00e4ngliga medel, i enlighet med motsvarande texter.<\/p>\n<p>F\u00f6r mer information om dessa r\u00e4ttigheter och undantag eller om du vill kontakta de f\u00f6rfattare, innehavare av bildr\u00e4ttigheter eller upphovsr\u00e4ttsinnehavare vars inneh\u00e5ll \u00e5terges p\u00e5 denna webbplats, <a href=\"https:\/\/projectone.fr\/contact\/\">contact us<\/a>.<\/p>\n<p><strong>Namnangivelser f\u00f6r foton, bilder och webdesign<\/strong><\/p>\n<p>Foto p\u00e5 Sara Bystr\u00f6m p\u00e5 Hemsidan: \u00a9Anne-Sophie Jeannin &amp; portr\u00e4tt av Sara p\u00e5 sidan som presenterar Sara Bystr\u00f6m : \u00a9Sara Bystr\u00f6m<\/p>\n<p>Design Hemsida: \u00a9Romain Hazebroucq, \u00a9Sara Bystr\u00f6m \u00a9Julie Tusek<\/p>\n<p>Foton i rubrikerna: *Foreign companies: \u00a9Rymden *Foreign individuals: \u00a9Jenny Sturm *Real Estate Agent: \u00a9vadim yerofeyev *Culture and Media professionals: \u00a9local_doctor *Photo professionals: \u00a9Tiko *News: \u00a9peterschreiber.media *Contact: Mike Fouque *Guarantees: \u00a9TheKonG<\/p>\n<p>Foto p<span>\u00e5<\/span> hemsidan (Paris): @Anthony Delanoix<\/p>\n<p><strong>Hyperl\u00e4nkar<\/strong><\/p>\n<p>N\u00e4rvaron p\u00e5 v\u00e5r webbplats av l\u00e4nkar till externa webbplatser sker endast i syfte att ge internetanv\u00e4ndarna mer detaljerad information om Sara Bystr\u00f6ms och advokatbyr\u00e5n Bystr\u00f6ms ingripanden och verksamhet. Bystr\u00f6m Avocat kan inte h\u00e5llas ansvarig f\u00f6r inneh\u00e5llet p\u00e5 dessa webbplatser och den eventuella anv\u00e4ndning som Internetanv\u00e4ndare kan g\u00f6ra av dem. Vi p\u00e5minner om att det \u00e4r str\u00e4ngt f\u00f6rbjudet att anv\u00e4nda l\u00e4nkar eller hyperl\u00e4nkar p\u00e5 v\u00e5r webbplats i vilket syfte som helst. Det \u00e4r ocks\u00e5 helt f\u00f6rbjudet att skapa en extern hyperl\u00e4nk fr\u00e5n en annan webbplats till v\u00e5r webbplat. It is also totally forbidden to create an external hyperlink from another site to our site\u00a0 <a href=\"https:\/\/projectone.fr\">www.bystrom-avocat.com<\/a>.<\/p>\n<p>[\/et_pb_text][\/et_pb_column][\/et_pb_row][\/et_pb_section]<\/p>\n","protected":false},"excerpt":{"rendered":"<p>Ansvarig utgivare Fransk advokat Ma\u00eetre Sara Bystr\u00f6m\u00a0 Bystr\u00f6m AvocatSelarl au capital de 1.000 eurosMedlem av det Franska advokatsamfundet &amp; Paris advokatsamfund : Toque C1399 4 avenue Hoche75008 Paris FRANCE Telefon : +33 1 82 28 19 13 &amp; +33 6 16 45 57 75Fax : + 33 1 82 28 19 12Epostadress : sara.bystrom[a]bystrom-avocat.com Bolagsregister [&hellip;]<\/p>\n","protected":false},"author":1,"featured_media":0,"parent":0,"menu_order":0,"comment_status":"closed","ping_status":"closed","template":"","meta":{"_et_pb_use_builder":"on","_et_pb_old_content":"","_et_gb_content_width":"","footnotes":""},"class_list":["post-7532","page","type-page","status-publish","hentry"],"_links":{"self":[{"href":"https:\/\/projectone.fr\/sv\/wp-json\/wp\/v2\/pages\/7532","targetHints":{"allow":["GET"]}}],"collection":[{"href":"https:\/\/projectone.fr\/sv\/wp-json\/wp\/v2\/pages"}],"about":[{"href":"https:\/\/projectone.fr\/sv\/wp-json\/wp\/v2\/types\/page"}],"author":[{"embeddable":true,"href":"https:\/\/projectone.fr\/sv\/wp-json\/wp\/v2\/users\/1"}],"replies":[{"embeddable":true,"href":"https:\/\/projectone.fr\/sv\/wp-json\/wp\/v2\/comments?post=7532"}],"version-history":[{"count":0,"href":"https:\/\/projectone.fr\/sv\/wp-json\/wp\/v2\/pages\/7532\/revisions"}],"wp:attachment":[{"href":"https:\/\/projectone.fr\/sv\/wp-json\/wp\/v2\/media?parent=7532"}],"curies":[{"name":"wp","href":"https:\/\/api.w.org\/{rel}","templated":true}]}}